{"id":3993,"date":"2020-06-02T22:29:54","date_gmt":"2020-06-02T20:29:54","guid":{"rendered":"https:\/\/www.mubilexpo.eus\/comite-technique\/"},"modified":"2026-03-05T16:15:54","modified_gmt":"2026-03-05T15:15:54","slug":"comite-technique","status":"publish","type":"page","link":"https:\/\/www.mubilexpo.eus\/fr\/a-propos-du-salon\/comite-technique\/","title":{"rendered":"Comit\u00e9 technique"},"content":{"rendered":"\t\t<div data-elementor-type=\"wp-page\" data-elementor-id=\"3993\" class=\"elementor elementor-3993 elementor-2092\" data-elementor-post-type=\"page\">\n\t\t\t\t\t\t<section class=\"elementor-section elementor-top-section elementor-element elementor-element-80e209c elementor-section-height-min-height elementor-section-boxed elementor-section-height-default elementor-section-items-middle\" data-id=\"80e209c\" data-element_type=\"section\" data-e-type=\"section\" data-settings=\"{&quot;background_background&quot;:&quot;classic&quot;}\">\n\t\t\t\t\t\t<div class=\"elementor-container elementor-column-gap-default\">\n\t\t\t\t\t<div class=\"elementor-column elementor-col-100 elementor-top-column elementor-element elementor-element-df214e3\" data-id=\"df214e3\" data-element_type=\"column\" data-e-type=\"column\">\n\t\t\t<div class=\"elementor-widget-wrap elementor-element-populated\">\n\t\t\t\t\t\t<div class=\"elementor-element elementor-element-76c7c25 elementor-widget elementor-widget-heading\" data-id=\"76c7c25\" data-element_type=\"widget\" data-e-type=\"widget\" data-widget_type=\"heading.default\">\n\t\t\t\t<div class=\"elementor-widget-container\">\n\t\t\t\t\t<h1 class=\"elementor-heading-title elementor-size-default\">COMIT\u00c9 <strong>TECHNIQUE<\/strong><\/h1>\t\t\t\t<\/div>\n\t\t\t\t<\/div>\n\t\t\t\t<div class=\"elementor-element elementor-element-17bbb0e elementor-widget elementor-widget-text-editor\" data-id=\"17bbb0e\" data-element_type=\"widget\" data-e-type=\"widget\" data-widget_type=\"text-editor.default\">\n\t\t\t\t<div class=\"elementor-widget-container\">\n\t\t\t\t\t\t\t\t\t<p>MUBIL Mobility Expo dispose d\u2019un Comit\u00e9 Technique compos\u00e9 par des principales entreprises et clusters du secteur. La t\u00e2che du comit\u00e9 est de conseiller l\u2019organisation et de collaborer \u00e0 l\u2019organisation pour le meilleur fonctionnement de l\u2019\u00e9v\u00e9nement. <\/p>\t\t\t\t\t\t\t\t<\/div>\n\t\t\t\t<\/div>\n\t\t\t\t\t<\/div>\n\t\t<\/div>\n\t\t\t\t\t<\/div>\n\t\t<\/section>\n\t\t\t\t<section class=\"elementor-section elementor-top-section elementor-element elementor-element-3bbce5e elementor-section-full_width elementor-section-height-default elementor-section-height-default\" data-id=\"3bbce5e\" data-element_type=\"section\" data-e-type=\"section\">\n\t\t\t\t\t\t<div class=\"elementor-container elementor-column-gap-default\">\n\t\t\t\t\t<div class=\"elementor-column elementor-col-100 elementor-top-column elementor-element elementor-element-18c4c28\" data-id=\"18c4c28\" data-element_type=\"column\" data-e-type=\"column\">\n\t\t\t<div class=\"elementor-widget-wrap elementor-element-populated\">\n\t\t\t\t\t\t<section class=\"elementor-section elementor-inner-section elementor-element elementor-element-026f704 elementor-section-full_width elementor-section-height-default elementor-section-height-default\" data-id=\"026f704\" data-element_type=\"section\" data-e-type=\"section\">\n\t\t\t\t\t\t<div class=\"elementor-container elementor-column-gap-custom\">\n\t\t\t\t\t<div class=\"elementor-column elementor-col-100 elementor-inner-column elementor-element elementor-element-c8318ab\" data-id=\"c8318ab\" data-element_type=\"column\" data-e-type=\"column\">\n\t\t\t<div class=\"elementor-widget-wrap\">\n\t\t\t\t\t\t\t<\/div>\n\t\t<\/div>\n\t\t\t\t\t<\/div>\n\t\t<\/section>\n\t\t\t\t<section class=\"elementor-section elementor-inner-section elementor-element elementor-element-57440c5 elementor-section-full_width elementor-section-height-default elementor-section-height-default\" data-id=\"57440c5\" data-element_type=\"section\" data-e-type=\"section\">\n\t\t\t\t\t\t<div class=\"elementor-container elementor-column-gap-default\">\n\t\t\t\t\t<div class=\"elementor-column elementor-col-16 elementor-inner-column elementor-element elementor-element-57c9b61\" data-id=\"57c9b61\" data-element_type=\"column\" data-e-type=\"column\">\n\t\t\t<div class=\"elementor-widget-wrap elementor-element-populated\">\n\t\t\t\t\t\t<div class=\"elementor-element elementor-element-9016672 elementor-widget elementor-widget-image\" data-id=\"9016672\" data-element_type=\"widget\" data-e-type=\"widget\" data-widget_type=\"image.default\">\n\t\t\t\t<div class=\"elementor-widget-container\">\n\t\t\t\t\t\t\t\t\t\t\t\t\t\t\t<img decoding=\"async\" width=\"241\" height=\"201\" src=\"https:\/\/www.mubilexpo.eus\/wp-content\/uploads\/2023\/04\/Mubil-logo-comite-1.png\" class=\"attachment-full size-full wp-image-1827\" alt=\"\" \/>\t\t\t\t\t\t\t\t\t\t\t\t\t\t\t<\/div>\n\t\t\t\t<\/div>\n\t\t\t\t\t<\/div>\n\t\t<\/div>\n\t\t\t\t<div class=\"elementor-column elementor-col-16 elementor-inner-column elementor-element elementor-element-60b9554\" data-id=\"60b9554\" data-element_type=\"column\" data-e-type=\"column\">\n\t\t\t<div class=\"elementor-widget-wrap elementor-element-populated\">\n\t\t\t\t\t\t<div class=\"elementor-element elementor-element-fa35521 elementor-widget elementor-widget-image\" data-id=\"fa35521\" data-element_type=\"widget\" data-e-type=\"widget\" data-widget_type=\"image.default\">\n\t\t\t\t<div class=\"elementor-widget-container\">\n\t\t\t\t\t\t\t\t\t\t\t\t\t\t\t<img decoding=\"async\" width=\"242\" height=\"200\" src=\"https:\/\/www.mubilexpo.eus\/wp-content\/uploads\/2025\/04\/Sin-titulo-1.png\" class=\"attachment-large size-large wp-image-13418\" alt=\"\" \/>\t\t\t\t\t\t\t\t\t\t\t\t\t\t\t<\/div>\n\t\t\t\t<\/div>\n\t\t\t\t\t<\/div>\n\t\t<\/div>\n\t\t\t\t<div class=\"elementor-column elementor-col-16 elementor-inner-column elementor-element elementor-element-0011573\" data-id=\"0011573\" data-element_type=\"column\" data-e-type=\"column\">\n\t\t\t<div class=\"elementor-widget-wrap elementor-element-populated\">\n\t\t\t\t\t\t<div class=\"elementor-element elementor-element-47335b7 elementor-widget elementor-widget-image\" data-id=\"47335b7\" data-element_type=\"widget\" data-e-type=\"widget\" data-widget_type=\"image.default\">\n\t\t\t\t<div class=\"elementor-widget-container\">\n\t\t\t\t\t\t\t\t\t\t\t\t\t\t\t<img decoding=\"async\" width=\"242\" height=\"201\" src=\"https:\/\/www.mubilexpo.eus\/wp-content\/uploads\/2023\/04\/comite-tecnico-gv.jpeg\" class=\"attachment-large size-large wp-image-1072\" alt=\"\" \/>\t\t\t\t\t\t\t\t\t\t\t\t\t\t\t<\/div>\n\t\t\t\t<\/div>\n\t\t\t\t\t<\/div>\n\t\t<\/div>\n\t\t\t\t<div class=\"elementor-column elementor-col-16 elementor-inner-column elementor-element elementor-element-c1b7090\" data-id=\"c1b7090\" data-element_type=\"column\" data-e-type=\"column\">\n\t\t\t<div class=\"elementor-widget-wrap elementor-element-populated\">\n\t\t\t\t\t\t<div class=\"elementor-element elementor-element-fdb1f4f elementor-widget elementor-widget-image\" data-id=\"fdb1f4f\" data-element_type=\"widget\" data-e-type=\"widget\" data-widget_type=\"image.default\">\n\t\t\t\t<div class=\"elementor-widget-container\">\n\t\t\t\t\t\t\t\t\t\t\t\t\t\t\t<img loading=\"lazy\" decoding=\"async\" width=\"242\" height=\"201\" src=\"https:\/\/www.mubilexpo.eus\/wp-content\/uploads\/2023\/04\/eve.jpeg\" class=\"attachment-large size-large wp-image-1068\" alt=\"\" \/>\t\t\t\t\t\t\t\t\t\t\t\t\t\t\t<\/div>\n\t\t\t\t<\/div>\n\t\t\t\t\t<\/div>\n\t\t<\/div>\n\t\t\t\t<div class=\"elementor-column elementor-col-16 elementor-inner-column elementor-element elementor-element-2de7e5a\" data-id=\"2de7e5a\" data-element_type=\"column\" data-e-type=\"column\">\n\t\t\t<div class=\"elementor-widget-wrap elementor-element-populated\">\n\t\t\t\t\t\t<div class=\"elementor-element elementor-element-e15a1af elementor-widget elementor-widget-image\" data-id=\"e15a1af\" data-element_type=\"widget\" data-e-type=\"widget\" data-widget_type=\"image.default\">\n\t\t\t\t<div class=\"elementor-widget-container\">\n\t\t\t\t\t\t\t\t\t\t\t\t\t\t\t<img loading=\"lazy\" decoding=\"async\" width=\"242\" height=\"200\" src=\"https:\/\/www.mubilexpo.eus\/wp-content\/uploads\/2025\/04\/FICOBA.png\" class=\"attachment-large size-large wp-image-13445\" alt=\"\" \/>\t\t\t\t\t\t\t\t\t\t\t\t\t\t\t<\/div>\n\t\t\t\t<\/div>\n\t\t\t\t\t<\/div>\n\t\t<\/div>\n\t\t\t\t<div class=\"elementor-column elementor-col-16 elementor-inner-column elementor-element elementor-element-e3baafb\" data-id=\"e3baafb\" data-element_type=\"column\" data-e-type=\"column\">\n\t\t\t<div class=\"elementor-widget-wrap elementor-element-populated\">\n\t\t\t\t\t\t<div class=\"elementor-element elementor-element-90b8751 elementor-widget elementor-widget-image\" data-id=\"90b8751\" data-element_type=\"widget\" data-e-type=\"widget\" data-widget_type=\"image.default\">\n\t\t\t\t<div class=\"elementor-widget-container\">\n\t\t\t\t\t\t\t\t\t\t\t\t\t\t\t<img loading=\"lazy\" decoding=\"async\" width=\"800\" height=\"661\" src=\"https:\/\/www.mubilexpo.eus\/wp-content\/uploads\/2025\/06\/BASQUEENERY-cluster-1024x846.png\" class=\"attachment-large size-large wp-image-14227\" alt=\"\" srcset=\"https:\/\/www.mubilexpo.eus\/wp-content\/uploads\/2025\/06\/BASQUEENERY-cluster-1024x846.png 1024w, https:\/\/www.mubilexpo.eus\/wp-content\/uploads\/2025\/06\/BASQUEENERY-cluster-300x248.png 300w, https:\/\/www.mubilexpo.eus\/wp-content\/uploads\/2025\/06\/BASQUEENERY-cluster-768x635.png 768w, https:\/\/www.mubilexpo.eus\/wp-content\/uploads\/2025\/06\/BASQUEENERY-cluster-1536x1269.png 1536w, https:\/\/www.mubilexpo.eus\/wp-content\/uploads\/2025\/06\/BASQUEENERY-cluster-2048x1692.png 2048w\" sizes=\"(max-width: 800px) 100vw, 800px\" \/>\t\t\t\t\t\t\t\t\t\t\t\t\t\t\t<\/div>\n\t\t\t\t<\/div>\n\t\t\t\t\t<\/div>\n\t\t<\/div>\n\t\t\t\t\t<\/div>\n\t\t<\/section>\n\t\t\t\t<section class=\"elementor-section elementor-inner-section elementor-element elementor-element-c1d6016 elementor-section-full_width elementor-section-height-default elementor-section-height-default\" data-id=\"c1d6016\" data-element_type=\"section\" data-e-type=\"section\">\n\t\t\t\t\t\t<div class=\"elementor-container elementor-column-gap-default\">\n\t\t\t\t\t<div class=\"elementor-column elementor-col-16 elementor-inner-column elementor-element elementor-element-b062a27\" data-id=\"b062a27\" data-element_type=\"column\" data-e-type=\"column\">\n\t\t\t<div class=\"elementor-widget-wrap elementor-element-populated\">\n\t\t\t\t\t\t<div class=\"elementor-element elementor-element-2dbf8f4 elementor-widget elementor-widget-image\" data-id=\"2dbf8f4\" data-element_type=\"widget\" data-e-type=\"widget\" data-widget_type=\"image.default\">\n\t\t\t\t<div class=\"elementor-widget-container\">\n\t\t\t\t\t\t\t\t\t\t\t\t\t\t\t<img loading=\"lazy\" decoding=\"async\" width=\"242\" height=\"201\" src=\"https:\/\/www.mubilexpo.eus\/wp-content\/uploads\/2023\/04\/comite-tecnico-mlc.jpeg\" class=\"attachment-large size-large wp-image-1100\" alt=\"\" \/>\t\t\t\t\t\t\t\t\t\t\t\t\t\t\t<\/div>\n\t\t\t\t<\/div>\n\t\t\t\t\t<\/div>\n\t\t<\/div>\n\t\t\t\t<div class=\"elementor-column elementor-col-16 elementor-inner-column elementor-element elementor-element-4f9d603\" data-id=\"4f9d603\" data-element_type=\"column\" data-e-type=\"column\">\n\t\t\t<div class=\"elementor-widget-wrap elementor-element-populated\">\n\t\t\t\t\t\t<div class=\"elementor-element elementor-element-686eae2 elementor-widget elementor-widget-image\" data-id=\"686eae2\" data-element_type=\"widget\" data-e-type=\"widget\" data-widget_type=\"image.default\">\n\t\t\t\t<div class=\"elementor-widget-container\">\n\t\t\t\t\t\t\t\t\t\t\t\t\t\t\t<img loading=\"lazy\" decoding=\"async\" width=\"242\" height=\"201\" src=\"https:\/\/www.mubilexpo.eus\/wp-content\/uploads\/2023\/04\/eit.jpeg\" class=\"attachment-large size-large wp-image-1096\" alt=\"\" \/>\t\t\t\t\t\t\t\t\t\t\t\t\t\t\t<\/div>\n\t\t\t\t<\/div>\n\t\t\t\t\t<\/div>\n\t\t<\/div>\n\t\t\t\t<div class=\"elementor-column elementor-col-16 elementor-inner-column elementor-element elementor-element-5274e26\" data-id=\"5274e26\" data-element_type=\"column\" data-e-type=\"column\">\n\t\t\t<div class=\"elementor-widget-wrap elementor-element-populated\">\n\t\t\t\t\t\t<div class=\"elementor-element elementor-element-1c3cecc elementor-widget elementor-widget-image\" data-id=\"1c3cecc\" data-element_type=\"widget\" data-e-type=\"widget\" data-widget_type=\"image.default\">\n\t\t\t\t<div class=\"elementor-widget-container\">\n\t\t\t\t\t\t\t\t\t\t\t\t\t\t\t<img loading=\"lazy\" decoding=\"async\" width=\"800\" height=\"600\" src=\"https:\/\/www.mubilexpo.eus\/wp-content\/uploads\/2026\/03\/8.-EIT-InnoEnergy-nuevo.png\" class=\"attachment-large size-large wp-image-17423\" alt=\"\" srcset=\"https:\/\/www.mubilexpo.eus\/wp-content\/uploads\/2026\/03\/8.-EIT-InnoEnergy-nuevo.png 834w, https:\/\/www.mubilexpo.eus\/wp-content\/uploads\/2026\/03\/8.-EIT-InnoEnergy-nuevo-300x225.png 300w, https:\/\/www.mubilexpo.eus\/wp-content\/uploads\/2026\/03\/8.-EIT-InnoEnergy-nuevo-768x576.png 768w\" sizes=\"(max-width: 800px) 100vw, 800px\" \/>\t\t\t\t\t\t\t\t\t\t\t\t\t\t\t<\/div>\n\t\t\t\t<\/div>\n\t\t\t\t\t<\/div>\n\t\t<\/div>\n\t\t\t\t<div class=\"elementor-column elementor-col-16 elementor-inner-column elementor-element elementor-element-12d8d25\" data-id=\"12d8d25\" data-element_type=\"column\" data-e-type=\"column\">\n\t\t\t<div class=\"elementor-widget-wrap elementor-element-populated\">\n\t\t\t\t\t\t<div class=\"elementor-element elementor-element-ffd0552 elementor-widget elementor-widget-image\" data-id=\"ffd0552\" data-element_type=\"widget\" data-e-type=\"widget\" data-widget_type=\"image.default\">\n\t\t\t\t<div class=\"elementor-widget-container\">\n\t\t\t\t\t\t\t\t\t\t\t\t\t\t\t<img loading=\"lazy\" decoding=\"async\" width=\"242\" height=\"200\" src=\"https:\/\/www.mubilexpo.eus\/wp-content\/uploads\/2025\/04\/AEDIVE.png\" class=\"attachment-large size-large wp-image-13426\" alt=\"\" \/>\t\t\t\t\t\t\t\t\t\t\t\t\t\t\t<\/div>\n\t\t\t\t<\/div>\n\t\t\t\t\t<\/div>\n\t\t<\/div>\n\t\t\t\t<div class=\"elementor-column elementor-col-16 elementor-inner-column elementor-element elementor-element-7408b0f\" data-id=\"7408b0f\" data-element_type=\"column\" data-e-type=\"column\">\n\t\t\t<div class=\"elementor-widget-wrap elementor-element-populated\">\n\t\t\t\t\t\t<div class=\"elementor-element elementor-element-10ff9a0 elementor-widget elementor-widget-image\" data-id=\"10ff9a0\" data-element_type=\"widget\" data-e-type=\"widget\" data-widget_type=\"image.default\">\n\t\t\t\t<div class=\"elementor-widget-container\">\n\t\t\t\t\t\t\t\t\t\t\t\t\t\t\t<img loading=\"lazy\" decoding=\"async\" width=\"242\" height=\"200\" src=\"https:\/\/www.mubilexpo.eus\/wp-content\/uploads\/2025\/04\/CAF.png\" class=\"attachment-large size-large wp-image-13422\" alt=\"\" \/>\t\t\t\t\t\t\t\t\t\t\t\t\t\t\t<\/div>\n\t\t\t\t<\/div>\n\t\t\t\t\t<\/div>\n\t\t<\/div>\n\t\t\t\t<div class=\"elementor-column elementor-col-16 elementor-inner-column elementor-element elementor-element-6308a1e\" data-id=\"6308a1e\" data-element_type=\"column\" data-e-type=\"column\">\n\t\t\t<div class=\"elementor-widget-wrap elementor-element-populated\">\n\t\t\t\t\t\t<div class=\"elementor-element elementor-element-3987c27 elementor-widget elementor-widget-image\" data-id=\"3987c27\" data-element_type=\"widget\" data-e-type=\"widget\" data-widget_type=\"image.default\">\n\t\t\t\t<div class=\"elementor-widget-container\">\n\t\t\t\t\t\t\t\t\t\t\t\t\t\t\t<img loading=\"lazy\" decoding=\"async\" width=\"242\" height=\"201\" src=\"https:\/\/www.mubilexpo.eus\/wp-content\/uploads\/2023\/04\/irizar-emobility.jpeg\" class=\"attachment-large size-large wp-image-1116\" alt=\"\" \/>\t\t\t\t\t\t\t\t\t\t\t\t\t\t\t<\/div>\n\t\t\t\t<\/div>\n\t\t\t\t\t<\/div>\n\t\t<\/div>\n\t\t\t\t\t<\/div>\n\t\t<\/section>\n\t\t\t\t<section class=\"elementor-section elementor-inner-section elementor-element elementor-element-65a8ad3 elementor-section-full_width elementor-section-height-default elementor-section-height-default\" data-id=\"65a8ad3\" data-element_type=\"section\" data-e-type=\"section\">\n\t\t\t\t\t\t<div class=\"elementor-container elementor-column-gap-default\">\n\t\t\t\t\t<div class=\"elementor-column elementor-col-16 elementor-inner-column elementor-element elementor-element-8d1d6a4\" data-id=\"8d1d6a4\" data-element_type=\"column\" data-e-type=\"column\">\n\t\t\t<div class=\"elementor-widget-wrap elementor-element-populated\">\n\t\t\t\t\t\t<div class=\"elementor-element elementor-element-52c71cc elementor-widget elementor-widget-image\" data-id=\"52c71cc\" data-element_type=\"widget\" data-e-type=\"widget\" data-widget_type=\"image.default\">\n\t\t\t\t<div class=\"elementor-widget-container\">\n\t\t\t\t\t\t\t\t\t\t\t\t\t\t\t<img loading=\"lazy\" decoding=\"async\" width=\"244\" height=\"202\" src=\"https:\/\/www.mubilexpo.eus\/wp-content\/uploads\/2023\/04\/tecnalia-new-logo.jpeg\" class=\"attachment-large size-large wp-image-1112\" alt=\"\" \/>\t\t\t\t\t\t\t\t\t\t\t\t\t\t\t<\/div>\n\t\t\t\t<\/div>\n\t\t\t\t\t<\/div>\n\t\t<\/div>\n\t\t\t\t<div class=\"elementor-column elementor-col-16 elementor-inner-column elementor-element elementor-element-098cde6\" data-id=\"098cde6\" data-element_type=\"column\" data-e-type=\"column\">\n\t\t\t<div class=\"elementor-widget-wrap elementor-element-populated\">\n\t\t\t\t\t\t<div class=\"elementor-element elementor-element-7346e75 elementor-widget elementor-widget-image\" data-id=\"7346e75\" data-element_type=\"widget\" data-e-type=\"widget\" data-widget_type=\"image.default\">\n\t\t\t\t<div class=\"elementor-widget-container\">\n\t\t\t\t\t\t\t\t\t\t\t\t\t\t\t<img loading=\"lazy\" decoding=\"async\" width=\"242\" height=\"201\" src=\"https:\/\/www.mubilexpo.eus\/wp-content\/uploads\/2023\/04\/ingeniariak.jpeg\" class=\"attachment-large size-large wp-image-1060\" alt=\"\" \/>\t\t\t\t\t\t\t\t\t\t\t\t\t\t\t<\/div>\n\t\t\t\t<\/div>\n\t\t\t\t\t<\/div>\n\t\t<\/div>\n\t\t\t\t<div class=\"elementor-column elementor-col-16 elementor-inner-column elementor-element elementor-element-0dbce8a\" data-id=\"0dbce8a\" data-element_type=\"column\" data-e-type=\"column\">\n\t\t\t<div class=\"elementor-widget-wrap elementor-element-populated\">\n\t\t\t\t\t\t<div class=\"elementor-element elementor-element-7cf0ece elementor-widget elementor-widget-image\" data-id=\"7cf0ece\" data-element_type=\"widget\" data-e-type=\"widget\" data-widget_type=\"image.default\">\n\t\t\t\t<div class=\"elementor-widget-container\">\n\t\t\t\t\t\t\t\t\t\t\t\t\t\t\t<img loading=\"lazy\" decoding=\"async\" width=\"242\" height=\"200\" src=\"https:\/\/www.mubilexpo.eus\/wp-content\/uploads\/2025\/04\/CAMARA.png\" class=\"attachment-large size-large wp-image-13431\" alt=\"\" \/>\t\t\t\t\t\t\t\t\t\t\t\t\t\t\t<\/div>\n\t\t\t\t<\/div>\n\t\t\t\t\t<\/div>\n\t\t<\/div>\n\t\t\t\t<div class=\"elementor-column elementor-col-16 elementor-inner-column elementor-element elementor-element-8924afa\" data-id=\"8924afa\" data-element_type=\"column\" data-e-type=\"column\">\n\t\t\t<div class=\"elementor-widget-wrap elementor-element-populated\">\n\t\t\t\t\t\t<div class=\"elementor-element elementor-element-f32f246 elementor-widget elementor-widget-image\" data-id=\"f32f246\" data-element_type=\"widget\" data-e-type=\"widget\" data-widget_type=\"image.default\">\n\t\t\t\t<div class=\"elementor-widget-container\">\n\t\t\t\t\t\t\t\t\t\t\t\t\t\t\t<img loading=\"lazy\" decoding=\"async\" width=\"242\" height=\"200\" src=\"https:\/\/www.mubilexpo.eus\/wp-content\/uploads\/2025\/04\/EURO.png\" class=\"attachment-large size-large wp-image-13437\" alt=\"\" \/>\t\t\t\t\t\t\t\t\t\t\t\t\t\t\t<\/div>\n\t\t\t\t<\/div>\n\t\t\t\t\t<\/div>\n\t\t<\/div>\n\t\t\t\t<div class=\"elementor-column elementor-col-16 elementor-inner-column elementor-element elementor-element-ade92af\" data-id=\"ade92af\" data-element_type=\"column\" data-e-type=\"column\">\n\t\t\t<div class=\"elementor-widget-wrap elementor-element-populated\">\n\t\t\t\t\t\t<div class=\"elementor-element elementor-element-1523f73 elementor-widget elementor-widget-image\" data-id=\"1523f73\" data-element_type=\"widget\" data-e-type=\"widget\" data-widget_type=\"image.default\">\n\t\t\t\t<div class=\"elementor-widget-container\">\n\t\t\t\t\t\t\t\t\t\t\t\t\t\t\t<img loading=\"lazy\" decoding=\"async\" width=\"242\" height=\"201\" src=\"https:\/\/www.mubilexpo.eus\/wp-content\/uploads\/2023\/04\/brta.jpeg\" class=\"attachment-large size-large wp-image-1124\" alt=\"\" \/>\t\t\t\t\t\t\t\t\t\t\t\t\t\t\t<\/div>\n\t\t\t\t<\/div>\n\t\t\t\t\t<\/div>\n\t\t<\/div>\n\t\t\t\t<div class=\"elementor-column elementor-col-16 elementor-inner-column elementor-element elementor-element-b9d9b4d\" data-id=\"b9d9b4d\" data-element_type=\"column\" data-e-type=\"column\">\n\t\t\t<div class=\"elementor-widget-wrap elementor-element-populated\">\n\t\t\t\t\t\t<div class=\"elementor-element elementor-element-24411a2 elementor-widget elementor-widget-image\" data-id=\"24411a2\" data-element_type=\"widget\" data-e-type=\"widget\" data-widget_type=\"image.default\">\n\t\t\t\t<div class=\"elementor-widget-container\">\n\t\t\t\t\t\t\t\t\t\t\t\t\t\t\t<img loading=\"lazy\" decoding=\"async\" width=\"242\" height=\"201\" src=\"https:\/\/www.mubilexpo.eus\/wp-content\/uploads\/2023\/04\/petronor.jpeg\" class=\"attachment-large size-large wp-image-1140\" alt=\"\" \/>\t\t\t\t\t\t\t\t\t\t\t\t\t\t\t<\/div>\n\t\t\t\t<\/div>\n\t\t\t\t\t<\/div>\n\t\t<\/div>\n\t\t\t\t\t<\/div>\n\t\t<\/section>\n\t\t\t\t<section class=\"elementor-section elementor-inner-section elementor-element elementor-element-a20a10b elementor-section-full_width elementor-section-height-default elementor-section-height-default\" data-id=\"a20a10b\" data-element_type=\"section\" data-e-type=\"section\">\n\t\t\t\t\t\t<div class=\"elementor-container elementor-column-gap-default\">\n\t\t\t\t\t<div class=\"elementor-column elementor-col-16 elementor-inner-column elementor-element elementor-element-ecbceb4\" data-id=\"ecbceb4\" data-element_type=\"column\" data-e-type=\"column\">\n\t\t\t<div class=\"elementor-widget-wrap elementor-element-populated\">\n\t\t\t\t\t\t<div class=\"elementor-element elementor-element-17e950c elementor-widget elementor-widget-image\" data-id=\"17e950c\" data-element_type=\"widget\" data-e-type=\"widget\" data-widget_type=\"image.default\">\n\t\t\t\t<div class=\"elementor-widget-container\">\n\t\t\t\t\t\t\t\t\t\t\t\t\t\t\t<img loading=\"lazy\" decoding=\"async\" width=\"242\" height=\"200\" src=\"https:\/\/www.mubilexpo.eus\/wp-content\/uploads\/2025\/04\/DIREBUS.png\" class=\"attachment-large size-large wp-image-13441\" alt=\"\" \/>\t\t\t\t\t\t\t\t\t\t\t\t\t\t\t<\/div>\n\t\t\t\t<\/div>\n\t\t\t\t\t<\/div>\n\t\t<\/div>\n\t\t\t\t<div class=\"elementor-column elementor-col-16 elementor-inner-column elementor-element elementor-element-9fc2fe1\" data-id=\"9fc2fe1\" data-element_type=\"column\" data-e-type=\"column\">\n\t\t\t<div class=\"elementor-widget-wrap elementor-element-populated\">\n\t\t\t\t\t\t<div class=\"elementor-element elementor-element-2bb3c0f elementor-widget elementor-widget-image\" data-id=\"2bb3c0f\" data-element_type=\"widget\" data-e-type=\"widget\" data-widget_type=\"image.default\">\n\t\t\t\t<div class=\"elementor-widget-container\">\n\t\t\t\t\t\t\t\t\t\t\t\t\t\t\t<img loading=\"lazy\" decoding=\"async\" width=\"800\" height=\"661\" src=\"https:\/\/www.mubilexpo.eus\/wp-content\/uploads\/2025\/06\/evsare-1024x846.png\" class=\"attachment-large size-large wp-image-14205\" alt=\"\" srcset=\"https:\/\/www.mubilexpo.eus\/wp-content\/uploads\/2025\/06\/evsare-1024x846.png 1024w, https:\/\/www.mubilexpo.eus\/wp-content\/uploads\/2025\/06\/evsare-300x248.png 300w, https:\/\/www.mubilexpo.eus\/wp-content\/uploads\/2025\/06\/evsare-768x635.png 768w, https:\/\/www.mubilexpo.eus\/wp-content\/uploads\/2025\/06\/evsare-1536x1269.png 1536w, https:\/\/www.mubilexpo.eus\/wp-content\/uploads\/2025\/06\/evsare-2048x1692.png 2048w\" sizes=\"(max-width: 800px) 100vw, 800px\" \/>\t\t\t\t\t\t\t\t\t\t\t\t\t\t\t<\/div>\n\t\t\t\t<\/div>\n\t\t\t\t\t<\/div>\n\t\t<\/div>\n\t\t\t\t<div class=\"elementor-column elementor-col-16 elementor-inner-column elementor-element elementor-element-ee56435\" data-id=\"ee56435\" data-element_type=\"column\" data-e-type=\"column\">\n\t\t\t<div class=\"elementor-widget-wrap elementor-element-populated\">\n\t\t\t\t\t\t<div class=\"elementor-element elementor-element-2f3337e elementor-widget elementor-widget-image\" data-id=\"2f3337e\" data-element_type=\"widget\" data-e-type=\"widget\" data-widget_type=\"image.default\">\n\t\t\t\t<div class=\"elementor-widget-container\">\n\t\t\t\t\t\t\t\t\t\t\t\t\t\t\t<img loading=\"lazy\" decoding=\"async\" width=\"800\" height=\"661\" src=\"https:\/\/www.mubilexpo.eus\/wp-content\/uploads\/2025\/06\/DBUS-1024x846.png\" class=\"attachment-large size-large wp-image-14190\" alt=\"\" srcset=\"https:\/\/www.mubilexpo.eus\/wp-content\/uploads\/2025\/06\/DBUS-1024x846.png 1024w, https:\/\/www.mubilexpo.eus\/wp-content\/uploads\/2025\/06\/DBUS-300x248.png 300w, https:\/\/www.mubilexpo.eus\/wp-content\/uploads\/2025\/06\/DBUS-768x635.png 768w, https:\/\/www.mubilexpo.eus\/wp-content\/uploads\/2025\/06\/DBUS-1536x1269.png 1536w, https:\/\/www.mubilexpo.eus\/wp-content\/uploads\/2025\/06\/DBUS-2048x1692.png 2048w\" sizes=\"(max-width: 800px) 100vw, 800px\" \/>\t\t\t\t\t\t\t\t\t\t\t\t\t\t\t<\/div>\n\t\t\t\t<\/div>\n\t\t\t\t\t<\/div>\n\t\t<\/div>\n\t\t\t\t<div class=\"elementor-column elementor-col-16 elementor-inner-column elementor-element elementor-element-26b7a43\" data-id=\"26b7a43\" data-element_type=\"column\" data-e-type=\"column\">\n\t\t\t<div class=\"elementor-widget-wrap\">\n\t\t\t\t\t\t\t<\/div>\n\t\t<\/div>\n\t\t\t\t<div class=\"elementor-column elementor-col-16 elementor-inner-column elementor-element elementor-element-40cb0e4\" data-id=\"40cb0e4\" data-element_type=\"column\" data-e-type=\"column\">\n\t\t\t<div class=\"elementor-widget-wrap\">\n\t\t\t\t\t\t\t<\/div>\n\t\t<\/div>\n\t\t\t\t<div class=\"elementor-column elementor-col-16 elementor-inner-column elementor-element elementor-element-68f6219\" data-id=\"68f6219\" data-element_type=\"column\" data-e-type=\"column\">\n\t\t\t<div class=\"elementor-widget-wrap\">\n\t\t\t\t\t\t\t<\/div>\n\t\t<\/div>\n\t\t\t\t\t<\/div>\n\t\t<\/section>\n\t\t\t\t\t<\/div>\n\t\t<\/div>\n\t\t\t\t\t<\/div>\n\t\t<\/section>\n\t\t\t\t<\/div>\n\t\t","protected":false},"excerpt":{"rendered":"<p>COMIT\u00c9 TECHNIQUE MUBIL Mobility Expo dispose d\u2019un Comit\u00e9 Technique compos\u00e9 par des principales entreprises et clusters du secteur. La t\u00e2che du comit\u00e9 est de conseiller l\u2019organisation et de collaborer \u00e0 l\u2019organisation pour le meilleur fonctionnement de l\u2019\u00e9v\u00e9nement.<\/p>\n","protected":false},"author":4,"featured_media":0,"parent":4644,"menu_order":0,"comment_status":"closed","ping_status":"closed","template":"","meta":{"footnotes":""},"categories":[49],"tags":[],"class_list":["post-3993","page","type-page","status-publish","hentry","category-menu-feria-fr"],"yoast_head":"<!-- This site is optimized with the Yoast SEO plugin v27.1.1 - https:\/\/yoast.com\/product\/yoast-seo-wordpress\/ -->\n<title>Comit\u00e9 technique - Mubil Mobility Expo<\/title>\n<meta name=\"description\" content=\"Comit\u00e9 technique Mubil Mobility Expo Home. LE SALON PROFESSIONNEL DE L&#039;INDUSTRIE DE LA MOBILIT\u00c9 DURABLE EN EUROPE DU SUD\" \/>\n<meta name=\"robots\" content=\"index, follow, max-snippet:-1, max-image-preview:large, max-video-preview:-1\" \/>\n<link rel=\"canonical\" href=\"https:\/\/www.mubilexpo.eus\/sobre-la-feria\/comite-tecnico\/\" \/>\n<meta property=\"og:locale\" content=\"fr_FR\" \/>\n<meta property=\"og:type\" content=\"article\" \/>\n<meta property=\"og:title\" content=\"Comit\u00e9 technique - Mubil Mobility Expo\" \/>\n<meta property=\"og:description\" content=\"Comit\u00e9 technique Mubil Mobility Expo Home. LE SALON PROFESSIONNEL DE L&#039;INDUSTRIE DE LA MOBILIT\u00c9 DURABLE EN EUROPE DU SUD\" \/>\n<meta property=\"og:url\" content=\"https:\/\/www.mubilexpo.eus\/sobre-la-feria\/comite-tecnico\/\" \/>\n<meta property=\"og:site_name\" content=\"Mubil Mobility Expo\" \/>\n<meta property=\"article:modified_time\" content=\"2026-03-05T15:15:54+00:00\" \/>\n<meta property=\"og:image\" content=\"https:\/\/www.mubilexpo.eus\/wp-content\/uploads\/2023\/04\/Mubil-logo-comite-1.png\" \/>\n\t<meta property=\"og:image:width\" content=\"241\" \/>\n\t<meta property=\"og:image:height\" content=\"201\" \/>\n\t<meta property=\"og:image:type\" content=\"image\/png\" \/>\n<meta name=\"twitter:card\" content=\"summary_large_image\" \/>\n<meta name=\"twitter:site\" content=\"@mubilexpo\" \/>\n<script type=\"application\/ld+json\" class=\"yoast-schema-graph\">{\"@context\":\"https:\/\/schema.org\",\"@graph\":[{\"@type\":\"WebPage\",\"@id\":\"https:\/\/www.mubilexpo.eus\/sobre-la-feria\/comite-tecnico\/\",\"url\":\"https:\/\/www.mubilexpo.eus\/sobre-la-feria\/comite-tecnico\/\",\"name\":\"Comit\u00e9 technique - Mubil Mobility Expo\",\"isPartOf\":{\"@id\":\"https:\/\/www.mubilexpo.eus\/#website\"},\"primaryImageOfPage\":{\"@id\":\"https:\/\/www.mubilexpo.eus\/sobre-la-feria\/comite-tecnico\/#primaryimage\"},\"image\":{\"@id\":\"https:\/\/www.mubilexpo.eus\/sobre-la-feria\/comite-tecnico\/#primaryimage\"},\"thumbnailUrl\":\"https:\/\/www.mubilexpo.eus\/wp-content\/uploads\/2023\/04\/Mubil-logo-comite-1.png\",\"datePublished\":\"2020-06-02T20:29:54+00:00\",\"dateModified\":\"2026-03-05T15:15:54+00:00\",\"description\":\"Comit\u00e9 technique Mubil Mobility Expo Home. LE SALON PROFESSIONNEL DE L'INDUSTRIE DE LA MOBILIT\u00c9 DURABLE EN EUROPE DU SUD\",\"breadcrumb\":{\"@id\":\"https:\/\/www.mubilexpo.eus\/sobre-la-feria\/comite-tecnico\/#breadcrumb\"},\"inLanguage\":\"fr-FR\",\"potentialAction\":[{\"@type\":\"ReadAction\",\"target\":[\"https:\/\/www.mubilexpo.eus\/sobre-la-feria\/comite-tecnico\/\"]}]},{\"@type\":\"ImageObject\",\"inLanguage\":\"fr-FR\",\"@id\":\"https:\/\/www.mubilexpo.eus\/sobre-la-feria\/comite-tecnico\/#primaryimage\",\"url\":\"https:\/\/www.mubilexpo.eus\/wp-content\/uploads\/2023\/04\/Mubil-logo-comite-1.png\",\"contentUrl\":\"https:\/\/www.mubilexpo.eus\/wp-content\/uploads\/2023\/04\/Mubil-logo-comite-1.png\"},{\"@type\":\"BreadcrumbList\",\"@id\":\"https:\/\/www.mubilexpo.eus\/sobre-la-feria\/comite-tecnico\/#breadcrumb\",\"itemListElement\":[{\"@type\":\"ListItem\",\"position\":1,\"name\":\"Portada\",\"item\":\"https:\/\/www.mubilexpo.eus\/fr\/home\/\"},{\"@type\":\"ListItem\",\"position\":2,\"name\":\"\u00c0 PROPOS DU SALON\",\"item\":\"https:\/\/www.mubilexpo.eus\/fr\/a-propos-du-salon\/\"},{\"@type\":\"ListItem\",\"position\":3,\"name\":\"Comit\u00e9 technique\"}]},{\"@type\":\"WebSite\",\"@id\":\"https:\/\/www.mubilexpo.eus\/#website\",\"url\":\"https:\/\/www.mubilexpo.eus\/\",\"name\":\"Mubil Mobility Expo\",\"description\":\"5e \u00e9dition du salon professionnel de la mobilit\u00e9 durable, avec des solutions industrielles et num\u00e9riques. 25\u201326 mars 2026 \u00e0 FICOBA (Basque Country).\",\"publisher\":{\"@id\":\"https:\/\/www.mubilexpo.eus\/#organization\"},\"alternateName\":\"La feria profesional de la industria de la movilidad sostenible en el sur de Europa.\",\"potentialAction\":[{\"@type\":\"SearchAction\",\"target\":{\"@type\":\"EntryPoint\",\"urlTemplate\":\"https:\/\/www.mubilexpo.eus\/?s={search_term_string}\"},\"query-input\":{\"@type\":\"PropertyValueSpecification\",\"valueRequired\":true,\"valueName\":\"search_term_string\"}}],\"inLanguage\":\"fr-FR\"},{\"@type\":\"Organization\",\"@id\":\"https:\/\/www.mubilexpo.eus\/#organization\",\"name\":\"Mubil Mobility Expo\",\"alternateName\":\"La feria profesional de la industria de la movilidad sostenible en el sur de Europa.\",\"url\":\"https:\/\/www.mubilexpo.eus\/\",\"logo\":{\"@type\":\"ImageObject\",\"inLanguage\":\"fr-FR\",\"@id\":\"https:\/\/www.mubilexpo.eus\/#\/schema\/logo\/image\/\",\"url\":\"https:\/\/www.mubilexpo.eus\/wp-content\/uploads\/2023\/05\/AZUL_horizontal.png\",\"contentUrl\":\"https:\/\/www.mubilexpo.eus\/wp-content\/uploads\/2023\/05\/AZUL_horizontal.png\",\"width\":3781,\"height\":286,\"caption\":\"Mubil Mobility Expo\"},\"image\":{\"@id\":\"https:\/\/www.mubilexpo.eus\/#\/schema\/logo\/image\/\"},\"sameAs\":[\"https:\/\/x.com\/mubilexpo\",\"https:\/\/www.linkedin.com\/company\/mubilexpo\/\"]}]}<\/script>\n<!-- \/ Yoast SEO plugin. -->","yoast_head_json":{"title":"Comit\u00e9 technique - Mubil Mobility Expo","description":"Comit\u00e9 technique Mubil Mobility Expo Home. LE SALON PROFESSIONNEL DE L'INDUSTRIE DE LA MOBILIT\u00c9 DURABLE EN EUROPE DU SUD","robots":{"index":"index","follow":"follow","max-snippet":"max-snippet:-1","max-image-preview":"max-image-preview:large","max-video-preview":"max-video-preview:-1"},"canonical":"https:\/\/www.mubilexpo.eus\/sobre-la-feria\/comite-tecnico\/","og_locale":"fr_FR","og_type":"article","og_title":"Comit\u00e9 technique - Mubil Mobility Expo","og_description":"Comit\u00e9 technique Mubil Mobility Expo Home. LE SALON PROFESSIONNEL DE L'INDUSTRIE DE LA MOBILIT\u00c9 DURABLE EN EUROPE DU SUD","og_url":"https:\/\/www.mubilexpo.eus\/sobre-la-feria\/comite-tecnico\/","og_site_name":"Mubil Mobility Expo","article_modified_time":"2026-03-05T15:15:54+00:00","og_image":[{"width":241,"height":201,"url":"https:\/\/www.mubilexpo.eus\/wp-content\/uploads\/2023\/04\/Mubil-logo-comite-1.png","type":"image\/png"}],"twitter_card":"summary_large_image","twitter_site":"@mubilexpo","schema":{"@context":"https:\/\/schema.org","@graph":[{"@type":"WebPage","@id":"https:\/\/www.mubilexpo.eus\/sobre-la-feria\/comite-tecnico\/","url":"https:\/\/www.mubilexpo.eus\/sobre-la-feria\/comite-tecnico\/","name":"Comit\u00e9 technique - Mubil Mobility Expo","isPartOf":{"@id":"https:\/\/www.mubilexpo.eus\/#website"},"primaryImageOfPage":{"@id":"https:\/\/www.mubilexpo.eus\/sobre-la-feria\/comite-tecnico\/#primaryimage"},"image":{"@id":"https:\/\/www.mubilexpo.eus\/sobre-la-feria\/comite-tecnico\/#primaryimage"},"thumbnailUrl":"https:\/\/www.mubilexpo.eus\/wp-content\/uploads\/2023\/04\/Mubil-logo-comite-1.png","datePublished":"2020-06-02T20:29:54+00:00","dateModified":"2026-03-05T15:15:54+00:00","description":"Comit\u00e9 technique Mubil Mobility Expo Home. LE SALON PROFESSIONNEL DE L'INDUSTRIE DE LA MOBILIT\u00c9 DURABLE EN EUROPE DU SUD","breadcrumb":{"@id":"https:\/\/www.mubilexpo.eus\/sobre-la-feria\/comite-tecnico\/#breadcrumb"},"inLanguage":"fr-FR","potentialAction":[{"@type":"ReadAction","target":["https:\/\/www.mubilexpo.eus\/sobre-la-feria\/comite-tecnico\/"]}]},{"@type":"ImageObject","inLanguage":"fr-FR","@id":"https:\/\/www.mubilexpo.eus\/sobre-la-feria\/comite-tecnico\/#primaryimage","url":"https:\/\/www.mubilexpo.eus\/wp-content\/uploads\/2023\/04\/Mubil-logo-comite-1.png","contentUrl":"https:\/\/www.mubilexpo.eus\/wp-content\/uploads\/2023\/04\/Mubil-logo-comite-1.png"},{"@type":"BreadcrumbList","@id":"https:\/\/www.mubilexpo.eus\/sobre-la-feria\/comite-tecnico\/#breadcrumb","itemListElement":[{"@type":"ListItem","position":1,"name":"Portada","item":"https:\/\/www.mubilexpo.eus\/fr\/home\/"},{"@type":"ListItem","position":2,"name":"\u00c0 PROPOS DU SALON","item":"https:\/\/www.mubilexpo.eus\/fr\/a-propos-du-salon\/"},{"@type":"ListItem","position":3,"name":"Comit\u00e9 technique"}]},{"@type":"WebSite","@id":"https:\/\/www.mubilexpo.eus\/#website","url":"https:\/\/www.mubilexpo.eus\/","name":"Mubil Mobility Expo","description":"5e \u00e9dition du salon professionnel de la mobilit\u00e9 durable, avec des solutions industrielles et num\u00e9riques. 25\u201326 mars 2026 \u00e0 FICOBA (Basque Country).","publisher":{"@id":"https:\/\/www.mubilexpo.eus\/#organization"},"alternateName":"La feria profesional de la industria de la movilidad sostenible en el sur de Europa.","potentialAction":[{"@type":"SearchAction","target":{"@type":"EntryPoint","urlTemplate":"https:\/\/www.mubilexpo.eus\/?s={search_term_string}"},"query-input":{"@type":"PropertyValueSpecification","valueRequired":true,"valueName":"search_term_string"}}],"inLanguage":"fr-FR"},{"@type":"Organization","@id":"https:\/\/www.mubilexpo.eus\/#organization","name":"Mubil Mobility Expo","alternateName":"La feria profesional de la industria de la movilidad sostenible en el sur de Europa.","url":"https:\/\/www.mubilexpo.eus\/","logo":{"@type":"ImageObject","inLanguage":"fr-FR","@id":"https:\/\/www.mubilexpo.eus\/#\/schema\/logo\/image\/","url":"https:\/\/www.mubilexpo.eus\/wp-content\/uploads\/2023\/05\/AZUL_horizontal.png","contentUrl":"https:\/\/www.mubilexpo.eus\/wp-content\/uploads\/2023\/05\/AZUL_horizontal.png","width":3781,"height":286,"caption":"Mubil Mobility Expo"},"image":{"@id":"https:\/\/www.mubilexpo.eus\/#\/schema\/logo\/image\/"},"sameAs":["https:\/\/x.com\/mubilexpo","https:\/\/www.linkedin.com\/company\/mubilexpo\/"]}]}},"_links":{"self":[{"href":"https:\/\/www.mubilexpo.eus\/fr\/wp-json\/wp\/v2\/pages\/3993","targetHints":{"allow":["GET"]}}],"collection":[{"href":"https:\/\/www.mubilexpo.eus\/fr\/wp-json\/wp\/v2\/pages"}],"about":[{"href":"https:\/\/www.mubilexpo.eus\/fr\/wp-json\/wp\/v2\/types\/page"}],"author":[{"embeddable":true,"href":"https:\/\/www.mubilexpo.eus\/fr\/wp-json\/wp\/v2\/users\/4"}],"replies":[{"embeddable":true,"href":"https:\/\/www.mubilexpo.eus\/fr\/wp-json\/wp\/v2\/comments?post=3993"}],"version-history":[{"count":21,"href":"https:\/\/www.mubilexpo.eus\/fr\/wp-json\/wp\/v2\/pages\/3993\/revisions"}],"predecessor-version":[{"id":17429,"href":"https:\/\/www.mubilexpo.eus\/fr\/wp-json\/wp\/v2\/pages\/3993\/revisions\/17429"}],"up":[{"embeddable":true,"href":"https:\/\/www.mubilexpo.eus\/fr\/wp-json\/wp\/v2\/pages\/4644"}],"wp:attachment":[{"href":"https:\/\/www.mubilexpo.eus\/fr\/wp-json\/wp\/v2\/media?parent=3993"}],"wp:term":[{"taxonomy":"category","embeddable":true,"href":"https:\/\/www.mubilexpo.eus\/fr\/wp-json\/wp\/v2\/categories?post=3993"},{"taxonomy":"post_tag","embeddable":true,"href":"https:\/\/www.mubilexpo.eus\/fr\/wp-json\/wp\/v2\/tags?post=3993"}],"curies":[{"name":"wp","href":"https:\/\/api.w.org\/{rel}","templated":true}]}}