{"id":4013,"date":"2023-04-21T08:34:04","date_gmt":"2023-04-21T08:34:04","guid":{"rendered":"https:\/\/www.mubilexpo.eus\/hosted-buyers\/"},"modified":"2025-03-28T08:57:40","modified_gmt":"2025-03-28T08:57:40","slug":"hosted-buyers","status":"publish","type":"page","link":"https:\/\/www.mubilexpo.eus\/fr\/visiteurs\/hosted-buyers\/","title":{"rendered":"Hosted buyers"},"content":{"rendered":"\t\t<div data-elementor-type=\"wp-page\" data-elementor-id=\"4013\" class=\"elementor elementor-4013 elementor-433\" data-elementor-post-type=\"page\">\n\t\t\t\t\t\t<section class=\"elementor-section elementor-top-section elementor-element elementor-element-d35514b elementor-section-height-min-height elementor-section-boxed elementor-section-height-default elementor-section-items-middle\" data-id=\"d35514b\" data-element_type=\"section\" data-e-type=\"section\" data-settings=\"{&quot;background_background&quot;:&quot;classic&quot;}\">\n\t\t\t\t\t\t<div class=\"elementor-container elementor-column-gap-default\">\n\t\t\t\t\t<div class=\"elementor-column elementor-col-100 elementor-top-column elementor-element elementor-element-1f7b9b3\" data-id=\"1f7b9b3\" data-element_type=\"column\" data-e-type=\"column\">\n\t\t\t<div class=\"elementor-widget-wrap elementor-element-populated\">\n\t\t\t\t\t\t<div class=\"elementor-element elementor-element-b5e348f elementor-widget elementor-widget-heading\" data-id=\"b5e348f\" data-element_type=\"widget\" data-e-type=\"widget\" data-widget_type=\"heading.default\">\n\t\t\t\t<div class=\"elementor-widget-container\">\n\t\t\t\t\t<h1 class=\"elementor-heading-title elementor-size-default\">PROGRAMME<br><strong>HOSTED BUYERS<\/strong><\/h1>\t\t\t\t<\/div>\n\t\t\t\t<\/div>\n\t\t\t\t<div class=\"elementor-element elementor-element-ad514a0 elementor-widget elementor-widget-text-editor\" data-id=\"ad514a0\" data-element_type=\"widget\" data-e-type=\"widget\" data-widget_type=\"text-editor.default\">\n\t\t\t\t<div class=\"elementor-widget-container\">\n\t\t\t\t\t\t\t\t\t<p>MUBIL Mobility Expo, en collaboration avec la Chambre de Gipuzkoa, favorise l\u2019assistance de visiteurs sp\u00e9cialis\u00e9s (d\u2019entreprises priv\u00e9es et publiques) ayant une capacit\u00e9 d\u2019investissement et des pr\u00e9visions av\u00e9r\u00e9es en mati\u00e8re de produits et services de mobilit\u00e9 durable, gr\u00e2ce \u00e0 l\u2019organisation d\u2019un Programme Hosted Buyers.<\/p>\n\t\t\t\t\t\t\t\t<\/div>\n\t\t\t\t<\/div>\n\t\t\t\t\t<\/div>\n\t\t<\/div>\n\t\t\t\t\t<\/div>\n\t\t<\/section>\n\t\t<div class=\"elementor-element elementor-element-ab0a7e0 e-flex e-con-boxed e-con e-parent\" data-id=\"ab0a7e0\" data-element_type=\"container\" data-e-type=\"container\">\n\t\t\t\t\t<div class=\"e-con-inner\">\n\t\t<div class=\"elementor-element elementor-element-67b82f7 e-con-full e-flex e-con e-child\" data-id=\"67b82f7\" data-element_type=\"container\" data-e-type=\"container\">\n\t\t\t\t<div class=\"elementor-element elementor-element-b3d48f3 elementor-widget elementor-widget-text-editor\" data-id=\"b3d48f3\" data-element_type=\"widget\" data-e-type=\"widget\" data-widget_type=\"text-editor.default\">\n\t\t\t\t<div class=\"elementor-widget-container\">\n\t\t\t\t\t\t\t\t\t<p>Certains Hosted Buyers que l\u2019organisation a accueillis lors des \u00e9ditions pr\u00e9c\u00e9dentes provenaient d\u2019entreprises telles que :<\/p>\n\t\t\t\t\t\t\t\t<\/div>\n\t\t\t\t<\/div>\n\t\t\t\t<div class=\"elementor-element elementor-element-f938252 elementor-widget elementor-widget-text-editor\" data-id=\"f938252\" data-element_type=\"widget\" data-e-type=\"widget\" data-widget_type=\"text-editor.default\">\n\t\t\t\t<div class=\"elementor-widget-container\">\n\t\t\t\t\t\t\t\t\t<\/p>\n<ul>\n<li><span style=\"font-family: var( --e-global-typography-text-font-family ), Sans-serif; font-size: var( --e-global-typography-text-font-size ); font-weight: var( --e-global-typography-text-font-weight ); text-align: var(--text-align); color: var( --e-global-color-text );\">\u00c1rea Metropolitana de Barcelona (AMB)<\/span><\/li>\n<li><span style=\"font-family: var( --e-global-typography-text-font-family ), Sans-serif; font-size: var( --e-global-typography-text-font-size ); font-weight: var( --e-global-typography-text-font-weight ); text-align: var(--text-align); color: var( --e-global-color-text );\">Istanbul Metropolitan Municipality<\/span><\/li>\n<li><span style=\"font-family: var( --e-global-typography-text-font-family ), Sans-serif; font-size: var( --e-global-typography-text-font-size ); font-weight: var( --e-global-typography-text-font-weight ); text-align: var(--text-align); color: var( --e-global-color-text );\">Transports Metropolitans de Barcelona<\/span><\/li>\n<li><span style=\"font-family: var( --e-global-typography-text-font-family ), Sans-serif; font-size: var( --e-global-typography-text-font-size ); font-weight: var( --e-global-typography-text-font-weight ); text-align: var(--text-align); color: var( --e-global-color-text );\">Transportes Interurbanos de Tenerife<\/span><\/li>\n<li><span style=\"font-family: var( --e-global-typography-text-font-family ), Sans-serif; font-size: var( --e-global-typography-text-font-size ); font-weight: var( --e-global-typography-text-font-weight ); text-align: var(--text-align); color: var( --e-global-color-text );\">MiBus (Empresa de Transporte Masivo de Panam\u00e1)<\/span><\/li>\n<li><span style=\"font-family: var( --e-global-typography-text-font-family ), Sans-serif; font-size: var( --e-global-typography-text-font-size ); font-weight: var( --e-global-typography-text-font-weight ); text-align: var(--text-align); color: var( --e-global-color-text );\">CUTCSA (Compa\u00f1\u00eda Uruguaya de Transportes Colectivos)<\/span><\/li>\n<li><span style=\"font-family: var( --e-global-typography-text-font-family ), Sans-serif; font-size: var( --e-global-typography-text-font-size ); font-weight: var( --e-global-typography-text-font-weight ); text-align: var(--text-align); color: var( --e-global-color-text );\">Ayuntamiento de Madrid<\/span><\/li>\n<li><span style=\"font-family: var( --e-global-typography-text-font-family ), Sans-serif; font-size: var( --e-global-typography-text-font-size ); font-weight: var( --e-global-typography-text-font-weight ); text-align: var(--text-align); color: var( --e-global-color-text );\">Punkytrans Metropolitano de Tenerife<\/span><\/li>\n<li><span style=\"font-family: var( --e-global-typography-text-font-family ), Sans-serif; font-size: var( --e-global-typography-text-font-size ); font-weight: var( --e-global-typography-text-font-weight ); text-align: var(--text-align); color: var( --e-global-color-text );\">M\u00e9tropole Rouen Normandie<\/span><\/li>\n<li><span style=\"font-family: var( --e-global-typography-text-font-family ), Sans-serif; font-size: var( --e-global-typography-text-font-size ); font-weight: var( --e-global-typography-text-font-weight ); text-align: var(--text-align); color: var( --e-global-color-text );\">S\u00e8te Agglopole Mediterran\u00e9e<\/span><\/li>\n<li><span style=\"font-family: var( --e-global-typography-text-font-family ), Sans-serif; font-size: var( --e-global-typography-text-font-size ); font-weight: var( --e-global-typography-text-font-weight ); text-align: var(--text-align); color: var( --e-global-color-text );\"> MyRentGo<\/span><\/li>\n<li><span style=\"font-family: var( --e-global-typography-text-font-family ), Sans-serif; font-size: var( --e-global-typography-text-font-size ); font-weight: var( --e-global-typography-text-font-weight ); text-align: var(--text-align); color: var( --e-global-color-text );\">Cargreen Movilidad Sostenible<\/span><\/li>\n<li><span style=\"font-family: var( --e-global-typography-text-font-family ), Sans-serif; font-size: var( --e-global-typography-text-font-size ); font-weight: var( --e-global-typography-text-font-weight ); text-align: var(--text-align); color: var( --e-global-color-text );\">Gatwick Airport<\/span><\/li>\n<li><span style=\"font-family: var( --e-global-typography-text-font-family ), Sans-serif; font-size: var( --e-global-typography-text-font-size ); font-weight: var( --e-global-typography-text-font-weight ); text-align: var(--text-align); color: var( --e-global-color-text );\">City of Copehagen<\/span><\/li>\n<li><span style=\"font-family: var( --e-global-typography-text-font-family ), Sans-serif; font-size: var( --e-global-typography-text-font-size ); font-weight: var( --e-global-typography-text-font-weight ); text-align: var(--text-align); color: var( --e-global-color-text );\">A\u00e9roport de Bordeaux M\u00e9rignac<\/span><\/li>\n<\/ul>\n\t\t\t\t\t\t\t\t<\/div>\n\t\t\t\t<\/div>\n\t\t\t\t<\/div>\n\t\t<div class=\"elementor-element elementor-element-2d85ddc e-con-full e-flex e-con e-child\" data-id=\"2d85ddc\" data-element_type=\"container\" data-e-type=\"container\" data-settings=\"{&quot;background_background&quot;:&quot;classic&quot;}\">\n\t\t\t\t<div class=\"elementor-element elementor-element-531c701 elementor-widget elementor-widget-image\" data-id=\"531c701\" data-element_type=\"widget\" data-e-type=\"widget\" data-widget_type=\"image.default\">\n\t\t\t\t<div class=\"elementor-widget-container\">\n\t\t\t\t\t\t\t\t\t\t\t\t\t\t\t<img fetchpriority=\"high\" decoding=\"async\" width=\"800\" height=\"534\" src=\"https:\/\/www.mubilexpo.eus\/wp-content\/uploads\/2025\/03\/2404-MUBIL-FICOBA_106b-1024x683.jpg\" class=\"attachment-large size-large wp-image-13282\" alt=\"\" srcset=\"https:\/\/www.mubilexpo.eus\/wp-content\/uploads\/2025\/03\/2404-MUBIL-FICOBA_106b-1024x683.jpg 1024w, https:\/\/www.mubilexpo.eus\/wp-content\/uploads\/2025\/03\/2404-MUBIL-FICOBA_106b-300x200.jpg 300w, https:\/\/www.mubilexpo.eus\/wp-content\/uploads\/2025\/03\/2404-MUBIL-FICOBA_106b-768x512.jpg 768w, https:\/\/www.mubilexpo.eus\/wp-content\/uploads\/2025\/03\/2404-MUBIL-FICOBA_106b-1536x1024.jpg 1536w, https:\/\/www.mubilexpo.eus\/wp-content\/uploads\/2025\/03\/2404-MUBIL-FICOBA_106b.jpg 1800w\" sizes=\"(max-width: 800px) 100vw, 800px\" \/>\t\t\t\t\t\t\t\t\t\t\t\t\t\t\t<\/div>\n\t\t\t\t<\/div>\n\t\t\t\t<\/div>\n\t\t<div class=\"elementor-element elementor-element-6622de5 e-con-full e-flex e-con e-child\" data-id=\"6622de5\" data-element_type=\"container\" data-e-type=\"container\" data-settings=\"{&quot;background_background&quot;:&quot;classic&quot;}\">\n\t\t\t\t<div class=\"elementor-element elementor-element-3271941 elementor-widget elementor-widget-image\" data-id=\"3271941\" data-element_type=\"widget\" data-e-type=\"widget\" data-widget_type=\"image.default\">\n\t\t\t\t<div class=\"elementor-widget-container\">\n\t\t\t\t\t\t\t\t\t\t\t\t\t\t\t<img decoding=\"async\" width=\"800\" height=\"534\" src=\"https:\/\/www.mubilexpo.eus\/wp-content\/uploads\/2025\/03\/2404-MUBIL-FICOBA_096b-1024x683.jpg\" class=\"attachment-large size-large wp-image-13240\" alt=\"\" srcset=\"https:\/\/www.mubilexpo.eus\/wp-content\/uploads\/2025\/03\/2404-MUBIL-FICOBA_096b-1024x683.jpg 1024w, https:\/\/www.mubilexpo.eus\/wp-content\/uploads\/2025\/03\/2404-MUBIL-FICOBA_096b-300x200.jpg 300w, https:\/\/www.mubilexpo.eus\/wp-content\/uploads\/2025\/03\/2404-MUBIL-FICOBA_096b-768x512.jpg 768w, https:\/\/www.mubilexpo.eus\/wp-content\/uploads\/2025\/03\/2404-MUBIL-FICOBA_096b-1536x1024.jpg 1536w, https:\/\/www.mubilexpo.eus\/wp-content\/uploads\/2025\/03\/2404-MUBIL-FICOBA_096b.jpg 1800w\" sizes=\"(max-width: 800px) 100vw, 800px\" \/>\t\t\t\t\t\t\t\t\t\t\t\t\t\t\t<\/div>\n\t\t\t\t<\/div>\n\t\t\t\t<\/div>\n\t\t<div class=\"elementor-element elementor-element-0f390a8 e-con-full e-flex e-con e-child\" data-id=\"0f390a8\" data-element_type=\"container\" data-e-type=\"container\">\n\t\t\t\t<div class=\"elementor-element elementor-element-a0b6815 elementor-widget elementor-widget-text-editor\" data-id=\"a0b6815\" data-element_type=\"widget\" data-e-type=\"widget\" data-widget_type=\"text-editor.default\">\n\t\t\t\t<div class=\"elementor-widget-container\">\n\t\t\t\t\t\t\t\t\t<p>Si vous envisagez d\u2019investir dans des produits\/services\/solutions li\u00e9s \u00e0 la mobilit\u00e9 durable (propre, accessible, s\u00fbre et connect\u00e9e) au cours des 2 prochaines ann\u00e9es, veuillez nous contacter pour plus d\u2019informations :<\/p>\n\t\t\t\t\t\t\t\t<\/div>\n\t\t\t\t<\/div>\n\t\t\t\t<div class=\"elementor-element elementor-element-9904315 elementor-widget elementor-widget-heading\" data-id=\"9904315\" data-element_type=\"widget\" data-e-type=\"widget\" data-widget_type=\"heading.default\">\n\t\t\t\t<div class=\"elementor-widget-container\">\n\t\t\t\t\t<h6 class=\"elementor-heading-title elementor-size-default\"><a href=\"mailto:info@mubilexpo.eus\">info@mubilexpo.eus<\/a><\/h6>\t\t\t\t<\/div>\n\t\t\t\t<\/div>\n\t\t\t\t<\/div>\n\t\t\t\t\t<\/div>\n\t\t\t\t<\/div>\n\t\t\t\t<\/div>\n\t\t","protected":false},"excerpt":{"rendered":"<p>PROGRAMMEHOSTED BUYERS MUBIL Mobility Expo, en collaboration avec la Chambre de Gipuzkoa, favorise l\u2019assistance de visiteurs sp\u00e9cialis\u00e9s (d\u2019entreprises priv\u00e9es et publiques) ayant une capacit\u00e9 d\u2019investissement et des pr\u00e9visions av\u00e9r\u00e9es en mati\u00e8re de produits et services de mobilit\u00e9 durable, gr\u00e2ce \u00e0 l\u2019organisation d\u2019un Programme Hosted Buyers. Certains Hosted Buyers que l\u2019organisation a accueillis lors des \u00e9ditions [&hellip;]<\/p>\n","protected":false},"author":4,"featured_media":0,"parent":4650,"menu_order":12,"comment_status":"closed","ping_status":"closed","template":"","meta":{"footnotes":""},"categories":[52],"tags":[],"class_list":["post-4013","page","type-page","status-publish","hentry","category-menu-visitantes-fr"],"yoast_head":"<!-- This site is optimized with the Yoast SEO plugin v27.1.1 - https:\/\/yoast.com\/product\/yoast-seo-wordpress\/ -->\n<title>Hosted buyers - Mubil Mobility Expo<\/title>\n<meta name=\"description\" content=\"Hosted buyers. MUBIL Mobility Expo - avril 2024 Le salon professionnel de l&#039;industrie de la mobilit\u00e9 durable en Europe du Sud.\" \/>\n<meta name=\"robots\" content=\"index, follow, max-snippet:-1, max-image-preview:large, max-video-preview:-1\" \/>\n<link rel=\"canonical\" href=\"https:\/\/www.mubilexpo.eus\/visitantes\/hosted-buyers\/\" \/>\n<meta property=\"og:locale\" content=\"fr_FR\" \/>\n<meta property=\"og:type\" content=\"article\" \/>\n<meta property=\"og:title\" content=\"Hosted buyers - Mubil Mobility Expo\" \/>\n<meta property=\"og:description\" content=\"Hosted buyers. MUBIL Mobility Expo - avril 2024 Le salon professionnel de l&#039;industrie de la mobilit\u00e9 durable en Europe du Sud.\" \/>\n<meta property=\"og:url\" content=\"https:\/\/www.mubilexpo.eus\/visitantes\/hosted-buyers\/\" \/>\n<meta property=\"og:site_name\" content=\"Mubil Mobility Expo\" \/>\n<meta property=\"article:modified_time\" content=\"2025-03-28T08:57:40+00:00\" \/>\n<meta property=\"og:image\" content=\"https:\/\/www.mubilexpo.eus\/wp-content\/uploads\/2025\/03\/2404-MUBIL-FICOBA_106b.jpg\" \/>\n\t<meta property=\"og:image:width\" content=\"1800\" \/>\n\t<meta property=\"og:image:height\" content=\"1200\" \/>\n\t<meta property=\"og:image:type\" content=\"image\/jpeg\" \/>\n<meta name=\"twitter:card\" content=\"summary_large_image\" \/>\n<meta name=\"twitter:site\" content=\"@mubilexpo\" \/>\n<meta name=\"twitter:label1\" content=\"Dur\u00e9e de lecture estim\u00e9e\" \/>\n\t<meta name=\"twitter:data1\" content=\"1 minute\" \/>\n<script type=\"application\/ld+json\" class=\"yoast-schema-graph\">{\"@context\":\"https:\/\/schema.org\",\"@graph\":[{\"@type\":\"WebPage\",\"@id\":\"https:\/\/www.mubilexpo.eus\/visitantes\/hosted-buyers\/\",\"url\":\"https:\/\/www.mubilexpo.eus\/visitantes\/hosted-buyers\/\",\"name\":\"Hosted buyers - Mubil Mobility Expo\",\"isPartOf\":{\"@id\":\"https:\/\/www.mubilexpo.eus\/#website\"},\"primaryImageOfPage\":{\"@id\":\"https:\/\/www.mubilexpo.eus\/visitantes\/hosted-buyers\/#primaryimage\"},\"image\":{\"@id\":\"https:\/\/www.mubilexpo.eus\/visitantes\/hosted-buyers\/#primaryimage\"},\"thumbnailUrl\":\"https:\/\/www.mubilexpo.eus\/wp-content\/uploads\/2025\/03\/2404-MUBIL-FICOBA_106b-1024x683.jpg\",\"datePublished\":\"2023-04-21T08:34:04+00:00\",\"dateModified\":\"2025-03-28T08:57:40+00:00\",\"description\":\"Hosted buyers. MUBIL Mobility Expo - avril 2024 Le salon professionnel de l'industrie de la mobilit\u00e9 durable en Europe du Sud.\",\"breadcrumb\":{\"@id\":\"https:\/\/www.mubilexpo.eus\/visitantes\/hosted-buyers\/#breadcrumb\"},\"inLanguage\":\"fr-FR\",\"potentialAction\":[{\"@type\":\"ReadAction\",\"target\":[\"https:\/\/www.mubilexpo.eus\/visitantes\/hosted-buyers\/\"]}]},{\"@type\":\"ImageObject\",\"inLanguage\":\"fr-FR\",\"@id\":\"https:\/\/www.mubilexpo.eus\/visitantes\/hosted-buyers\/#primaryimage\",\"url\":\"https:\/\/www.mubilexpo.eus\/wp-content\/uploads\/2025\/03\/2404-MUBIL-FICOBA_106b-1024x683.jpg\",\"contentUrl\":\"https:\/\/www.mubilexpo.eus\/wp-content\/uploads\/2025\/03\/2404-MUBIL-FICOBA_106b-1024x683.jpg\"},{\"@type\":\"BreadcrumbList\",\"@id\":\"https:\/\/www.mubilexpo.eus\/visitantes\/hosted-buyers\/#breadcrumb\",\"itemListElement\":[{\"@type\":\"ListItem\",\"position\":1,\"name\":\"Portada\",\"item\":\"https:\/\/www.mubilexpo.eus\/fr\/home\/\"},{\"@type\":\"ListItem\",\"position\":2,\"name\":\"VISITEURS\",\"item\":\"https:\/\/www.mubilexpo.eus\/fr\/visiteurs\/\"},{\"@type\":\"ListItem\",\"position\":3,\"name\":\"Hosted buyers\"}]},{\"@type\":\"WebSite\",\"@id\":\"https:\/\/www.mubilexpo.eus\/#website\",\"url\":\"https:\/\/www.mubilexpo.eus\/\",\"name\":\"Mubil Mobility Expo\",\"description\":\"5e \u00e9dition du salon professionnel de la mobilit\u00e9 durable, avec des solutions industrielles et num\u00e9riques. 25\u201326 mars 2026 \u00e0 FICOBA (Basque Country).\",\"publisher\":{\"@id\":\"https:\/\/www.mubilexpo.eus\/#organization\"},\"alternateName\":\"La feria profesional de la industria de la movilidad sostenible en el sur de Europa.\",\"potentialAction\":[{\"@type\":\"SearchAction\",\"target\":{\"@type\":\"EntryPoint\",\"urlTemplate\":\"https:\/\/www.mubilexpo.eus\/?s={search_term_string}\"},\"query-input\":{\"@type\":\"PropertyValueSpecification\",\"valueRequired\":true,\"valueName\":\"search_term_string\"}}],\"inLanguage\":\"fr-FR\"},{\"@type\":\"Organization\",\"@id\":\"https:\/\/www.mubilexpo.eus\/#organization\",\"name\":\"Mubil Mobility Expo\",\"alternateName\":\"La feria profesional de la industria de la movilidad sostenible en el sur de Europa.\",\"url\":\"https:\/\/www.mubilexpo.eus\/\",\"logo\":{\"@type\":\"ImageObject\",\"inLanguage\":\"fr-FR\",\"@id\":\"https:\/\/www.mubilexpo.eus\/#\/schema\/logo\/image\/\",\"url\":\"https:\/\/www.mubilexpo.eus\/wp-content\/uploads\/2023\/05\/AZUL_horizontal.png\",\"contentUrl\":\"https:\/\/www.mubilexpo.eus\/wp-content\/uploads\/2023\/05\/AZUL_horizontal.png\",\"width\":3781,\"height\":286,\"caption\":\"Mubil Mobility Expo\"},\"image\":{\"@id\":\"https:\/\/www.mubilexpo.eus\/#\/schema\/logo\/image\/\"},\"sameAs\":[\"https:\/\/x.com\/mubilexpo\",\"https:\/\/www.linkedin.com\/company\/mubilexpo\/\"]}]}<\/script>\n<!-- \/ Yoast SEO plugin. -->","yoast_head_json":{"title":"Hosted buyers - Mubil Mobility Expo","description":"Hosted buyers. MUBIL Mobility Expo - avril 2024 Le salon professionnel de l'industrie de la mobilit\u00e9 durable en Europe du Sud.","robots":{"index":"index","follow":"follow","max-snippet":"max-snippet:-1","max-image-preview":"max-image-preview:large","max-video-preview":"max-video-preview:-1"},"canonical":"https:\/\/www.mubilexpo.eus\/visitantes\/hosted-buyers\/","og_locale":"fr_FR","og_type":"article","og_title":"Hosted buyers - Mubil Mobility Expo","og_description":"Hosted buyers. MUBIL Mobility Expo - avril 2024 Le salon professionnel de l'industrie de la mobilit\u00e9 durable en Europe du Sud.","og_url":"https:\/\/www.mubilexpo.eus\/visitantes\/hosted-buyers\/","og_site_name":"Mubil Mobility Expo","article_modified_time":"2025-03-28T08:57:40+00:00","og_image":[{"width":1800,"height":1200,"url":"https:\/\/www.mubilexpo.eus\/wp-content\/uploads\/2025\/03\/2404-MUBIL-FICOBA_106b.jpg","type":"image\/jpeg"}],"twitter_card":"summary_large_image","twitter_site":"@mubilexpo","twitter_misc":{"Dur\u00e9e de lecture estim\u00e9e":"1 minute"},"schema":{"@context":"https:\/\/schema.org","@graph":[{"@type":"WebPage","@id":"https:\/\/www.mubilexpo.eus\/visitantes\/hosted-buyers\/","url":"https:\/\/www.mubilexpo.eus\/visitantes\/hosted-buyers\/","name":"Hosted buyers - Mubil Mobility Expo","isPartOf":{"@id":"https:\/\/www.mubilexpo.eus\/#website"},"primaryImageOfPage":{"@id":"https:\/\/www.mubilexpo.eus\/visitantes\/hosted-buyers\/#primaryimage"},"image":{"@id":"https:\/\/www.mubilexpo.eus\/visitantes\/hosted-buyers\/#primaryimage"},"thumbnailUrl":"https:\/\/www.mubilexpo.eus\/wp-content\/uploads\/2025\/03\/2404-MUBIL-FICOBA_106b-1024x683.jpg","datePublished":"2023-04-21T08:34:04+00:00","dateModified":"2025-03-28T08:57:40+00:00","description":"Hosted buyers. MUBIL Mobility Expo - avril 2024 Le salon professionnel de l'industrie de la mobilit\u00e9 durable en Europe du Sud.","breadcrumb":{"@id":"https:\/\/www.mubilexpo.eus\/visitantes\/hosted-buyers\/#breadcrumb"},"inLanguage":"fr-FR","potentialAction":[{"@type":"ReadAction","target":["https:\/\/www.mubilexpo.eus\/visitantes\/hosted-buyers\/"]}]},{"@type":"ImageObject","inLanguage":"fr-FR","@id":"https:\/\/www.mubilexpo.eus\/visitantes\/hosted-buyers\/#primaryimage","url":"https:\/\/www.mubilexpo.eus\/wp-content\/uploads\/2025\/03\/2404-MUBIL-FICOBA_106b-1024x683.jpg","contentUrl":"https:\/\/www.mubilexpo.eus\/wp-content\/uploads\/2025\/03\/2404-MUBIL-FICOBA_106b-1024x683.jpg"},{"@type":"BreadcrumbList","@id":"https:\/\/www.mubilexpo.eus\/visitantes\/hosted-buyers\/#breadcrumb","itemListElement":[{"@type":"ListItem","position":1,"name":"Portada","item":"https:\/\/www.mubilexpo.eus\/fr\/home\/"},{"@type":"ListItem","position":2,"name":"VISITEURS","item":"https:\/\/www.mubilexpo.eus\/fr\/visiteurs\/"},{"@type":"ListItem","position":3,"name":"Hosted buyers"}]},{"@type":"WebSite","@id":"https:\/\/www.mubilexpo.eus\/#website","url":"https:\/\/www.mubilexpo.eus\/","name":"Mubil Mobility Expo","description":"5e \u00e9dition du salon professionnel de la mobilit\u00e9 durable, avec des solutions industrielles et num\u00e9riques. 25\u201326 mars 2026 \u00e0 FICOBA (Basque Country).","publisher":{"@id":"https:\/\/www.mubilexpo.eus\/#organization"},"alternateName":"La feria profesional de la industria de la movilidad sostenible en el sur de Europa.","potentialAction":[{"@type":"SearchAction","target":{"@type":"EntryPoint","urlTemplate":"https:\/\/www.mubilexpo.eus\/?s={search_term_string}"},"query-input":{"@type":"PropertyValueSpecification","valueRequired":true,"valueName":"search_term_string"}}],"inLanguage":"fr-FR"},{"@type":"Organization","@id":"https:\/\/www.mubilexpo.eus\/#organization","name":"Mubil Mobility Expo","alternateName":"La feria profesional de la industria de la movilidad sostenible en el sur de Europa.","url":"https:\/\/www.mubilexpo.eus\/","logo":{"@type":"ImageObject","inLanguage":"fr-FR","@id":"https:\/\/www.mubilexpo.eus\/#\/schema\/logo\/image\/","url":"https:\/\/www.mubilexpo.eus\/wp-content\/uploads\/2023\/05\/AZUL_horizontal.png","contentUrl":"https:\/\/www.mubilexpo.eus\/wp-content\/uploads\/2023\/05\/AZUL_horizontal.png","width":3781,"height":286,"caption":"Mubil Mobility Expo"},"image":{"@id":"https:\/\/www.mubilexpo.eus\/#\/schema\/logo\/image\/"},"sameAs":["https:\/\/x.com\/mubilexpo","https:\/\/www.linkedin.com\/company\/mubilexpo\/"]}]}},"_links":{"self":[{"href":"https:\/\/www.mubilexpo.eus\/fr\/wp-json\/wp\/v2\/pages\/4013","targetHints":{"allow":["GET"]}}],"collection":[{"href":"https:\/\/www.mubilexpo.eus\/fr\/wp-json\/wp\/v2\/pages"}],"about":[{"href":"https:\/\/www.mubilexpo.eus\/fr\/wp-json\/wp\/v2\/types\/page"}],"author":[{"embeddable":true,"href":"https:\/\/www.mubilexpo.eus\/fr\/wp-json\/wp\/v2\/users\/4"}],"replies":[{"embeddable":true,"href":"https:\/\/www.mubilexpo.eus\/fr\/wp-json\/wp\/v2\/comments?post=4013"}],"version-history":[{"count":4,"href":"https:\/\/www.mubilexpo.eus\/fr\/wp-json\/wp\/v2\/pages\/4013\/revisions"}],"predecessor-version":[{"id":13288,"href":"https:\/\/www.mubilexpo.eus\/fr\/wp-json\/wp\/v2\/pages\/4013\/revisions\/13288"}],"up":[{"embeddable":true,"href":"https:\/\/www.mubilexpo.eus\/fr\/wp-json\/wp\/v2\/pages\/4650"}],"wp:attachment":[{"href":"https:\/\/www.mubilexpo.eus\/fr\/wp-json\/wp\/v2\/media?parent=4013"}],"wp:term":[{"taxonomy":"category","embeddable":true,"href":"https:\/\/www.mubilexpo.eus\/fr\/wp-json\/wp\/v2\/categories?post=4013"},{"taxonomy":"post_tag","embeddable":true,"href":"https:\/\/www.mubilexpo.eus\/fr\/wp-json\/wp\/v2\/tags?post=4013"}],"curies":[{"name":"wp","href":"https:\/\/api.w.org\/{rel}","templated":true}]}}