{"id":4462,"date":"2023-05-19T07:24:12","date_gmt":"2023-05-19T07:24:12","guid":{"rendered":"https:\/\/www.mubilexpo.eus\/newsletter\/"},"modified":"2023-06-20T13:58:34","modified_gmt":"2023-06-20T13:58:34","slug":"newsletter","status":"publish","type":"page","link":"https:\/\/www.mubilexpo.eus\/fr\/newsletter\/","title":{"rendered":"Newsletter"},"content":{"rendered":"\t\t<div data-elementor-type=\"wp-page\" data-elementor-id=\"4462\" class=\"elementor elementor-4462 elementor-3929\" data-elementor-post-type=\"page\">\n\t\t\t\t\t\t<section class=\"elementor-section elementor-top-section elementor-element elementor-element-b421616 elementor-section-height-min-height elementor-section-boxed elementor-section-height-default elementor-section-items-middle\" data-id=\"b421616\" data-element_type=\"section\" data-e-type=\"section\" data-settings=\"{&quot;background_background&quot;:&quot;classic&quot;}\">\n\t\t\t\t\t\t<div class=\"elementor-container elementor-column-gap-default\">\n\t\t\t\t\t<div class=\"elementor-column elementor-col-100 elementor-top-column elementor-element elementor-element-bfc923b\" data-id=\"bfc923b\" data-element_type=\"column\" data-e-type=\"column\">\n\t\t\t<div class=\"elementor-widget-wrap elementor-element-populated\">\n\t\t\t\t\t\t<div class=\"elementor-element elementor-element-ac33b74 elementor-widget elementor-widget-heading\" data-id=\"ac33b74\" data-element_type=\"widget\" data-e-type=\"widget\" data-widget_type=\"heading.default\">\n\t\t\t\t<div class=\"elementor-widget-container\">\n\t\t\t\t\t<h1 class=\"elementor-heading-title elementor-size-default\"><strong>Newsletter<\/strong><\/h1>\t\t\t\t<\/div>\n\t\t\t\t<\/div>\n\t\t\t\t\t<\/div>\n\t\t<\/div>\n\t\t\t\t\t<\/div>\n\t\t<\/section>\n\t\t<div class=\"elementor-element elementor-element-d061152 e-flex e-con-boxed e-con e-parent\" data-id=\"d061152\" data-element_type=\"container\" data-e-type=\"container\">\n\t\t\t\t\t<div class=\"e-con-inner\">\n\t\t\t\t<div class=\"elementor-element elementor-element-a457ef6 elementor-widget elementor-widget-html\" data-id=\"a457ef6\" data-element_type=\"widget\" data-e-type=\"widget\" data-widget_type=\"html.default\">\n\t\t\t\t<div class=\"elementor-widget-container\">\n\t\t\t\t\t<!-- Begin Mailchimp Signup Form -->\n<link href=\"\/\/cdn-images.mailchimp.com\/embedcode\/classic-071822.css\" rel=\"stylesheet\" type=\"text\/css\">\n<style type=\"text\/css\">\n\/*#mc_embed_signup{background:#fff; clear:left; font:14px Helvetica,Arial,sans-serif;  width:100%px;}\n\t Add your own Mailchimp form style overrides in your site stylesheet or in this style block.\n\t   We recommend moving this block and the preceding CSS link to the HEAD of your HTML file. *\/\n\t   \n\t   \/*Newsletter*\/\n\n\n#mc-embedded-subscribe {\n\tmargin: 0px !important;\n}\n\n#mergeRow-gdpr fieldset label {\n\tfont-weight: regular !important; \n\tfont-size: 17px;\n}\n\n\n#mc_embed_signup .mc-field-group label {\n\tmargin-bottom:15px !important}\n\t   \n#mc_embed_signup .mc-field-group.input-group ul {\ndisplay: flex;\n}\n\n#mc_embed_signup .mc-field-group.input-group ul li{\nmargin-right: 20px;\n}\n\n#mc_embed_signup p{\n    font-size: 15px;\n    \n}\n\n.mc-text {\n    margin-top: 40px;\n}\n\n#mc_embed_signup .asterisk  {\n    color: #2ed9c3;\n    display: inline-block;\n\twidth: 13px;\n\theight: 13px;\n\tmargin: 0px auto;\n\tborder-radius: 50%;\n\tbackground-color: #2ed9c3;\n\tmargin-bottom: 5px;\n\t\n}\n\n\n#mc_embed_signup form {\n    font-size: 18px !important;\n}\n\n\n#mc_embed_signup #mc-embedded-subscribe {\n    border:none;\n    -webkit-border-radius: 3px;\n    -moz-border-radius: 3px;\n     border-radius: 25px;\n}\n\n<\/style>\n<style type=\"text\/css\">\n\t#mc-embedded-subscribe-form input[type=checkbox]{display: inline; width: auto;margin-right: 10px;}\n\t#mergeRow-gdpr {margin-top: 20px;}\n\t#mergeRow-gdpr fieldset label {font-weight: normal;}\n\t#mc-embedded-subscribe-form .mc_fieldset{border:none;min-height: 0px;padding-bottom:0px;}\n<\/style>\n<div id=\"mc_embed_signup\">\n    <form action=\"https:\/\/eus.us9.list-manage.com\/subscribe\/post?u=f95cb0ef8a821d3a350c07068&amp;id=bbbcd07b0d&amp;v_id=4536&amp;f_id=00572ee1f0\" method=\"post\" id=\"mc-embedded-subscribe-form\" name=\"mc-embedded-subscribe-form\" class=\"validate\" target=\"_blank\" novalidate>\n        <div id=\"mc_embed_signup_scroll\">\n        \n        <div class=\"indicates-required\"><span class=\"asterisk\"><\/span>indicates required<\/div>\n<div class=\"mc-field-group\">\n\t<label for=\"mce-EMPRESA\"><strong>SOCI\u00c9T\u00c9 <\/strong><\/label>\n\t<input type=\"text\" value=\"\" name=\"EMPRESA\" class=\"\" id=\"mce-EMPRESA\">\n\t<span id=\"mce-EMPRESA-HELPERTEXT\" class=\"helper_text\"><\/span>\n<\/div>\n<div class=\"mc-field-group\">\n\t<label for=\"mce-NOMBRE\"><strong>PR\u00c9NOM<\/strong><\/label>\n\t<input type=\"text\" value=\"\" name=\"NOMBRE\" class=\"\" id=\"mce-NOMBRE\">\n\t<span id=\"mce-NOMBRE-HELPERTEXT\" class=\"helper_text\"><\/span>\n<\/div>\n<div class=\"mc-field-group\">\n\t<label for=\"mce-APELLIDOS\"><strong>NOM<\/strong><\/label>\n\t<input type=\"text\" value=\"\" name=\"APELLIDOS\" class=\"\" id=\"mce-APELLIDOS\">\n\t<span id=\"mce-APELLIDOS-HELPERTEXT\" class=\"helper_text\"><\/span>\n<\/div>\n<div class=\"mc-field-group\">\n\t<label for=\"mce-EMAIL\"><strong>Email <\/strong> <span class=\"asterisk\"><\/span>\n<\/label>\n\t<input type=\"email\" value=\"\" name=\"EMAIL\" class=\"required email\" id=\"mce-EMAIL\" required>\n\t<span id=\"mce-EMAIL-HELPERTEXT\" class=\"helper_text\"><\/span>\n<\/div>\n<div class=\"mc-field-group input-group\">\n    <strong>Je voudrais recevoir des renseignements pour   <span class=\"asterisk\"><\/span>\n<\/strong>\n    <ul><li>\n    <input type=\"radio\" value=\"Para exponer \/ To exhibit\" name=\"INFORMACIO\" id=\"mce-INFORMACIO-0\">\n    <label for=\"mce-INFORMACIO-0\">Exposer<\/label>\n<\/li>\n<li>\n    <input type=\"radio\" value=\"Para visitar \/ To visit\" name=\"INFORMACIO\" id=\"mce-INFORMACIO-1\">\n    <label for=\"mce-INFORMACIO-1\">Visiter<\/label>\n<\/li>\n<li>\n    <input type=\"radio\" value=\"Para exponer y visitar \/ To exhibit and visit\" name=\"INFORMACIO\" id=\"mce-INFORMACIO-2\">\n    <label for=\"mce-INFORMACIO-2\">Exposer et visiter <\/label>\n<\/li>\n<\/ul>\n    <span id=\"mce-INFORMACIO-HELPERTEXT\" class=\"helper_text\"><\/span>\n<\/div>\n<div class=\"mc-field-group input-group\">\n    <strong>Langue  <span class=\"asterisk\"><\/span>\n<\/strong>\n    <ul><li>\n    <input type=\"radio\" value=\"Castellano\" name=\"IDIOMA1\" id=\"mce-IDIOMA1-0\">\n    <label for=\"mce-IDIOMA1-0\">Castellano<\/label>\n<\/li>\n<li>\n    <input type=\"radio\" value=\"Euskara eta Gaztelania\" name=\"IDIOMA1\" id=\"mce-IDIOMA1-1\">\n    <label for=\"mce-IDIOMA1-1\">Euskara eta Gaztelania<\/label>\n<\/li>\n<li>\n    <input type=\"radio\" value=\"Fran\u00e7ais\" name=\"IDIOMA1\" id=\"mce-IDIOMA1-2\">\n    <label for=\"mce-IDIOMA1-2\">Fran\u00e7ais<\/label>\n<\/li>\n<li>\n    <input type=\"radio\" value=\"English\" name=\"IDIOMA1\" id=\"mce-IDIOMA1-3\">\n    <label for=\"mce-IDIOMA1-3\">English<\/label>\n<\/li>\n<\/ul>\n    <span id=\"mce-IDIOMA1-HELPERTEXT\" class=\"helper_text\"><\/span>\n<\/div>\n<div id=\"mergeRow-gdpr\" class=\"mergeRow gdpr-mergeRow content__gdprBlock mc-field-group\">\n    <div class=\"content__gdpr\">\n        <label><strong>Mentions l\u00e9gales<\/strong><\/label>\n        <p>En cliquant dans la case \u00e0 cocher ci-dessous vous acceptez de recevoir par courrier \u00e9lectronique les renseignements du Salon MUBIL Mobility Expo.\n\n <\/p>\n        <fieldset class=\"mc_fieldset gdprRequired mc-field-group\" name=\"interestgroup_field\">\n\t\t<label class=\"checkbox subfield\" for=\"gdpr_1\"><input type=\"checkbox\" id=\"gdpr_1\" name=\"gdpr[1]\" value=\"Y\" class=\"av-checkbox gdpr\">Je suis d'accord \u00e0 recevoir par courrier \u00e9lectronique le bulletin \u00e9lectronique de MUBIL Mobility Expo.<\/label>\n        <\/fieldset>\n       \n    <\/div>\n    <div class=\"content__gdprLegal\">\n        <p>Nous utilisons Mailchimp comme plateforme de marketing. En cliquant ci-dessous pour vous inscrire, vous reconnaissez que vos informations seront transf\u00e9r\u00e9es \u00e0 Mailchimp pour traitement.  <a href=\"https:\/\/mailchimp.com\/legal\/terms\" target=\"_blank\">Pour en savoir plus sur les pratiques de Mailchimp en mati\u00e8re de protection de confidentialit\u00e9, cliquez ici.<\/a><\/p>\n    <\/div>\n<\/div>\n\t<div id=\"mce-responses\" class=\"clear\">\n\t\t<div class=\"response\" id=\"mce-error-response\" style=\"display:none\"><\/div>\n\t\t<div class=\"response\" id=\"mce-success-response\" style=\"display:none\"><\/div>\n\t<\/div>    <!-- real people should not fill this in and expect good things - do not remove this or risk form bot signups-->\n    <div style=\"position: absolute; left: -5000px;\" aria-hidden=\"true\"><input type=\"text\" name=\"b_f95cb0ef8a821d3a350c07068_bbbcd07b0d\" tabindex=\"-1\" value=\"\"><\/div>\n    <div class=\"\"><input type=\"submit\" value=\"S'ABONNER AU NEWSLETTER\" name=\"subscribe\" id=\"mc-embedded-subscribe\" class=\"\"><\/div>\n    \n    <\/div>\n    \n     <p class=\"mc-text\">Conform\u00e9ment \u00e0 ce qui est \u00e9tabli dans le r\u00e8glement. UE 2016\/679 et dans notre politique de confidentialit\u00e9 qui se trouve sur www.ficoba.org, vous \u00eates inform\u00e9 que vos coordonn\u00e9es, obtenues \u00e0 travers votre souscription au Bulletin \u00e9lectronique de MUBIL Mobility Expo seront incorpor\u00e9es aux fichiers de la FONDATION FICOBA afin de vous informer du MUBIL Mobility Expo. Vous pouvez exercer votre droit d'acc\u00e8s, de rectification, de suppression et droit \u00e0 l'oubli, limitation, portabilit\u00e9 et d'opposition par une communication adress\u00e9e \u00e0 FONDATION FICOBA (Avda. Iparralde, 43 Irun) ou \u00e0 ficoba@ficoba.org.\n\n\n<\/p>\n<\/form>\n<\/div>\n<script type='text\/javascript' src='\/\/s3.amazonaws.com\/downloads.mailchimp.com\/js\/mc-validate.js'><\/script><script type='text\/javascript'>(function($) {window.fnames = new Array(); window.ftypes = new Array();fnames[3]='EMPRESA';ftypes[3]='text';fnames[4]='MMERGE4';ftypes[4]='text';fnames[5]='NOMBRE';ftypes[5]='text';fnames[6]='APELLIDOS';ftypes[6]='text';fnames[0]='EMAIL';ftypes[0]='email';fnames[7]='MMERGE7';ftypes[7]='text';fnames[8]='MMERGE8';ftypes[8]='text';fnames[9]='MMERGE9';ftypes[9]='text';fnames[10]='MMERGE10';ftypes[10]='text';fnames[11]='MMERGE11';ftypes[11]='text';fnames[12]='MMERGE12';ftypes[12]='text';fnames[13]='MMERGE13';ftypes[13]='text';fnames[1]='INFORMACIO';ftypes[1]='radio';fnames[2]='IDIOMA1';ftypes[2]='radio'; \/*\n * Translated default messages for the $ validation plugin.\n * Locale: ES\n *\/\n$.extend($.validator.messages, {\n  required: \"Este campo es obligatorio.\",\n  remote: \"Por favor, rellena este campo.\",\n  email: \"Por favor, escribe una direcci\u00f3n de correo v\u00e1lida\",\n  url: \"Por favor, escribe una URL v\u00e1lida.\",\n  date: \"Por favor, escribe una fecha v\u00e1lida.\",\n  dateISO: \"Por favor, escribe una fecha (ISO) v\u00e1lida.\",\n  number: \"Por favor, escribe un n\u00famero entero v\u00e1lido.\",\n  digits: \"Por favor, escribe s\u00f3lo d\u00edgitos.\",\n  creditcard: \"Por favor, escribe un n\u00famero de tarjeta v\u00e1lido.\",\n  equalTo: \"Por favor, escribe el mismo valor de nuevo.\",\n  accept: \"Por favor, escribe un valor con una extensi\u00f3n aceptada.\",\n  maxlength: $.validator.format(\"Por favor, no escribas m\u00e1s de {0} caracteres.\"),\n  minlength: $.validator.format(\"Por favor, no escribas menos de {0} caracteres.\"),\n  rangelength: $.validator.format(\"Por favor, escribe un valor entre {0} y {1} caracteres.\"),\n  range: $.validator.format(\"Por favor, escribe un valor entre {0} y {1}.\"),\n  max: $.validator.format(\"Por favor, escribe un valor menor o igual a {0}.\"),\n  min: $.validator.format(\"Por favor, escribe un valor mayor o igual a {0}.\")\n});}(jQuery));var $mcj = jQuery.noConflict(true);<\/script>\n<!--End mc_embed_signup-->\t\t\t\t<\/div>\n\t\t\t\t<\/div>\n\t\t\t\t\t<\/div>\n\t\t\t\t<\/div>\n\t\t\t\t<\/div>\n\t\t","protected":false},"excerpt":{"rendered":"<p>Newsletter indicates required SOCI\u00c9T\u00c9 PR\u00c9NOM NOM Email Je voudrais recevoir des renseignements pour Exposer Visiter Exposer et visiter Langue Castellano Euskara eta Gaztelania Fran\u00e7ais English Mentions l\u00e9gales En cliquant dans la case \u00e0 cocher ci-dessous vous acceptez de recevoir par courrier \u00e9lectronique les renseignements du Salon MUBIL Mobility Expo. Je suis d&rsquo;accord \u00e0 recevoir par [&hellip;]<\/p>\n","protected":false},"author":4,"featured_media":0,"parent":0,"menu_order":0,"comment_status":"closed","ping_status":"closed","template":"","meta":{"footnotes":""},"categories":[],"tags":[],"class_list":["post-4462","page","type-page","status-publish","hentry"],"yoast_head":"<!-- This site is optimized with the Yoast SEO plugin v27.1.1 - https:\/\/yoast.com\/product\/yoast-seo-wordpress\/ -->\n<title>Newsletter - Mubil Mobility Expo<\/title>\n<meta name=\"description\" content=\"La feria profesional de la industria de la movilidad sostenible en el sur de Europa.\" \/>\n<meta name=\"robots\" content=\"index, follow, max-snippet:-1, max-image-preview:large, max-video-preview:-1\" \/>\n<link rel=\"canonical\" href=\"https:\/\/www.mubilexpo.eus\/fr\/newsletter\/\" \/>\n<meta property=\"og:locale\" content=\"fr_FR\" \/>\n<meta property=\"og:type\" content=\"article\" \/>\n<meta property=\"og:title\" content=\"Newsletter - Mubil Mobility Expo\" \/>\n<meta property=\"og:description\" content=\"La feria profesional de la industria de la movilidad sostenible en el sur de Europa.\" \/>\n<meta property=\"og:url\" content=\"https:\/\/www.mubilexpo.eus\/fr\/newsletter\/\" \/>\n<meta property=\"og:site_name\" content=\"Mubil Mobility Expo\" \/>\n<meta property=\"article:modified_time\" content=\"2023-06-20T13:58:34+00:00\" \/>\n<meta property=\"og:image\" content=\"https:\/\/www.mubilexpo.eus\/wp-content\/uploads\/2025\/10\/logo-mubil.jpg\" \/>\n\t<meta property=\"og:image:width\" content=\"1200\" \/>\n\t<meta property=\"og:image:height\" content=\"627\" \/>\n\t<meta property=\"og:image:type\" content=\"image\/jpeg\" \/>\n<meta name=\"twitter:card\" content=\"summary_large_image\" \/>\n<meta name=\"twitter:site\" content=\"@mubilexpo\" \/>\n<meta name=\"twitter:label1\" content=\"Dur\u00e9e de lecture estim\u00e9e\" \/>\n\t<meta name=\"twitter:data1\" content=\"3 minutes\" \/>\n<script type=\"application\/ld+json\" class=\"yoast-schema-graph\">{\"@context\":\"https:\/\/schema.org\",\"@graph\":[{\"@type\":\"WebPage\",\"@id\":\"https:\/\/www.mubilexpo.eus\/fr\/newsletter\/\",\"url\":\"https:\/\/www.mubilexpo.eus\/fr\/newsletter\/\",\"name\":\"Newsletter - Mubil Mobility Expo\",\"isPartOf\":{\"@id\":\"https:\/\/www.mubilexpo.eus\/#website\"},\"datePublished\":\"2023-05-19T07:24:12+00:00\",\"dateModified\":\"2023-06-20T13:58:34+00:00\",\"description\":\"La feria profesional de la industria de la movilidad sostenible en el sur de Europa.\",\"breadcrumb\":{\"@id\":\"https:\/\/www.mubilexpo.eus\/fr\/newsletter\/#breadcrumb\"},\"inLanguage\":\"fr-FR\",\"potentialAction\":[{\"@type\":\"ReadAction\",\"target\":[\"https:\/\/www.mubilexpo.eus\/fr\/newsletter\/\"]}]},{\"@type\":\"BreadcrumbList\",\"@id\":\"https:\/\/www.mubilexpo.eus\/fr\/newsletter\/#breadcrumb\",\"itemListElement\":[{\"@type\":\"ListItem\",\"position\":1,\"name\":\"Portada\",\"item\":\"https:\/\/www.mubilexpo.eus\/fr\/home\/\"},{\"@type\":\"ListItem\",\"position\":2,\"name\":\"Newsletter\"}]},{\"@type\":\"WebSite\",\"@id\":\"https:\/\/www.mubilexpo.eus\/#website\",\"url\":\"https:\/\/www.mubilexpo.eus\/\",\"name\":\"Mubil Mobility Expo\",\"description\":\"5e \u00e9dition du salon professionnel de la mobilit\u00e9 durable, avec des solutions industrielles et num\u00e9riques. 25\u201326 mars 2026 \u00e0 FICOBA (Basque Country).\",\"publisher\":{\"@id\":\"https:\/\/www.mubilexpo.eus\/#organization\"},\"alternateName\":\"La feria profesional de la industria de la movilidad sostenible en el sur de Europa.\",\"potentialAction\":[{\"@type\":\"SearchAction\",\"target\":{\"@type\":\"EntryPoint\",\"urlTemplate\":\"https:\/\/www.mubilexpo.eus\/?s={search_term_string}\"},\"query-input\":{\"@type\":\"PropertyValueSpecification\",\"valueRequired\":true,\"valueName\":\"search_term_string\"}}],\"inLanguage\":\"fr-FR\"},{\"@type\":\"Organization\",\"@id\":\"https:\/\/www.mubilexpo.eus\/#organization\",\"name\":\"Mubil Mobility Expo\",\"alternateName\":\"La feria profesional de la industria de la movilidad sostenible en el sur de Europa.\",\"url\":\"https:\/\/www.mubilexpo.eus\/\",\"logo\":{\"@type\":\"ImageObject\",\"inLanguage\":\"fr-FR\",\"@id\":\"https:\/\/www.mubilexpo.eus\/#\/schema\/logo\/image\/\",\"url\":\"https:\/\/www.mubilexpo.eus\/wp-content\/uploads\/2023\/05\/AZUL_horizontal.png\",\"contentUrl\":\"https:\/\/www.mubilexpo.eus\/wp-content\/uploads\/2023\/05\/AZUL_horizontal.png\",\"width\":3781,\"height\":286,\"caption\":\"Mubil Mobility Expo\"},\"image\":{\"@id\":\"https:\/\/www.mubilexpo.eus\/#\/schema\/logo\/image\/\"},\"sameAs\":[\"https:\/\/x.com\/mubilexpo\",\"https:\/\/www.linkedin.com\/company\/mubilexpo\/\"]}]}<\/script>\n<!-- \/ Yoast SEO plugin. -->","yoast_head_json":{"title":"Newsletter - Mubil Mobility Expo","description":"La feria profesional de la industria de la movilidad sostenible en el sur de Europa.","robots":{"index":"index","follow":"follow","max-snippet":"max-snippet:-1","max-image-preview":"max-image-preview:large","max-video-preview":"max-video-preview:-1"},"canonical":"https:\/\/www.mubilexpo.eus\/fr\/newsletter\/","og_locale":"fr_FR","og_type":"article","og_title":"Newsletter - Mubil Mobility Expo","og_description":"La feria profesional de la industria de la movilidad sostenible en el sur de Europa.","og_url":"https:\/\/www.mubilexpo.eus\/fr\/newsletter\/","og_site_name":"Mubil Mobility Expo","article_modified_time":"2023-06-20T13:58:34+00:00","og_image":[{"width":1200,"height":627,"url":"https:\/\/www.mubilexpo.eus\/wp-content\/uploads\/2025\/10\/logo-mubil.jpg","type":"image\/jpeg"}],"twitter_card":"summary_large_image","twitter_site":"@mubilexpo","twitter_misc":{"Dur\u00e9e de lecture estim\u00e9e":"3 minutes"},"schema":{"@context":"https:\/\/schema.org","@graph":[{"@type":"WebPage","@id":"https:\/\/www.mubilexpo.eus\/fr\/newsletter\/","url":"https:\/\/www.mubilexpo.eus\/fr\/newsletter\/","name":"Newsletter - Mubil Mobility Expo","isPartOf":{"@id":"https:\/\/www.mubilexpo.eus\/#website"},"datePublished":"2023-05-19T07:24:12+00:00","dateModified":"2023-06-20T13:58:34+00:00","description":"La feria profesional de la industria de la movilidad sostenible en el sur de Europa.","breadcrumb":{"@id":"https:\/\/www.mubilexpo.eus\/fr\/newsletter\/#breadcrumb"},"inLanguage":"fr-FR","potentialAction":[{"@type":"ReadAction","target":["https:\/\/www.mubilexpo.eus\/fr\/newsletter\/"]}]},{"@type":"BreadcrumbList","@id":"https:\/\/www.mubilexpo.eus\/fr\/newsletter\/#breadcrumb","itemListElement":[{"@type":"ListItem","position":1,"name":"Portada","item":"https:\/\/www.mubilexpo.eus\/fr\/home\/"},{"@type":"ListItem","position":2,"name":"Newsletter"}]},{"@type":"WebSite","@id":"https:\/\/www.mubilexpo.eus\/#website","url":"https:\/\/www.mubilexpo.eus\/","name":"Mubil Mobility Expo","description":"5e \u00e9dition du salon professionnel de la mobilit\u00e9 durable, avec des solutions industrielles et num\u00e9riques. 25\u201326 mars 2026 \u00e0 FICOBA (Basque Country).","publisher":{"@id":"https:\/\/www.mubilexpo.eus\/#organization"},"alternateName":"La feria profesional de la industria de la movilidad sostenible en el sur de Europa.","potentialAction":[{"@type":"SearchAction","target":{"@type":"EntryPoint","urlTemplate":"https:\/\/www.mubilexpo.eus\/?s={search_term_string}"},"query-input":{"@type":"PropertyValueSpecification","valueRequired":true,"valueName":"search_term_string"}}],"inLanguage":"fr-FR"},{"@type":"Organization","@id":"https:\/\/www.mubilexpo.eus\/#organization","name":"Mubil Mobility Expo","alternateName":"La feria profesional de la industria de la movilidad sostenible en el sur de Europa.","url":"https:\/\/www.mubilexpo.eus\/","logo":{"@type":"ImageObject","inLanguage":"fr-FR","@id":"https:\/\/www.mubilexpo.eus\/#\/schema\/logo\/image\/","url":"https:\/\/www.mubilexpo.eus\/wp-content\/uploads\/2023\/05\/AZUL_horizontal.png","contentUrl":"https:\/\/www.mubilexpo.eus\/wp-content\/uploads\/2023\/05\/AZUL_horizontal.png","width":3781,"height":286,"caption":"Mubil Mobility Expo"},"image":{"@id":"https:\/\/www.mubilexpo.eus\/#\/schema\/logo\/image\/"},"sameAs":["https:\/\/x.com\/mubilexpo","https:\/\/www.linkedin.com\/company\/mubilexpo\/"]}]}},"_links":{"self":[{"href":"https:\/\/www.mubilexpo.eus\/fr\/wp-json\/wp\/v2\/pages\/4462","targetHints":{"allow":["GET"]}}],"collection":[{"href":"https:\/\/www.mubilexpo.eus\/fr\/wp-json\/wp\/v2\/pages"}],"about":[{"href":"https:\/\/www.mubilexpo.eus\/fr\/wp-json\/wp\/v2\/types\/page"}],"author":[{"embeddable":true,"href":"https:\/\/www.mubilexpo.eus\/fr\/wp-json\/wp\/v2\/users\/4"}],"replies":[{"embeddable":true,"href":"https:\/\/www.mubilexpo.eus\/fr\/wp-json\/wp\/v2\/comments?post=4462"}],"version-history":[{"count":16,"href":"https:\/\/www.mubilexpo.eus\/fr\/wp-json\/wp\/v2\/pages\/4462\/revisions"}],"predecessor-version":[{"id":6925,"href":"https:\/\/www.mubilexpo.eus\/fr\/wp-json\/wp\/v2\/pages\/4462\/revisions\/6925"}],"wp:attachment":[{"href":"https:\/\/www.mubilexpo.eus\/fr\/wp-json\/wp\/v2\/media?parent=4462"}],"wp:term":[{"taxonomy":"category","embeddable":true,"href":"https:\/\/www.mubilexpo.eus\/fr\/wp-json\/wp\/v2\/categories?post=4462"},{"taxonomy":"post_tag","embeddable":true,"href":"https:\/\/www.mubilexpo.eus\/fr\/wp-json\/wp\/v2\/tags?post=4462"}],"curies":[{"name":"wp","href":"https:\/\/api.w.org\/{rel}","templated":true}]}}